{"id":2536,"date":"2025-01-16T13:26:52","date_gmt":"2025-01-16T12:26:52","guid":{"rendered":"https:\/\/mcidrija.si\/?page_id=2536"},"modified":"2026-04-20T13:38:21","modified_gmt":"2026-04-20T11:38:21","slug":"z-mladinskim-delom-proti-prekarnosti-mladih","status":"publish","type":"page","link":"https:\/\/mcidrija.si\/en\/z-mladinskim-delom-proti-prekarnosti-mladih\/","title":{"rendered":"Z mladinskim delom proti prekarnosti mladih"},"content":{"rendered":"<p class=\"wp-block-paragraph\"><em>Zveza dru\u0161tev Mladinski center Idrija smo bili v letu 2024 uspe\u0161ni na projektu Ministrstva za vzgojo in izobra\u017eevanje in prejeli sredstva za izvajanje projekta &#8220;Z mladinskim delom proti prekarnosti mladih &#8211; pilotni projekt &#8211; Zveza MC Idrija&#8221;. Projekt je sofinanciran iz strani Evropske unije.<\/em><\/p>\n\n\n\n<figure class=\"wp-block-image aligncenter size-full is-resized\"><img data-recalc-dims=\"1\" fetchpriority=\"high\" decoding=\"async\" width=\"616\" height=\"126\" data-attachment-id=\"2539\" data-permalink=\"https:\/\/mcidrija.si\/en\/z-mladinskim-delom-proti-prekarnosti-mladih\/feel_slo_eu-4\/\" data-orig-file=\"https:\/\/i0.wp.com\/mcidrija.si\/wp-content\/uploads\/2025\/01\/feel_slo_EU.webp?fit=616%2C126&amp;ssl=1\" data-orig-size=\"616,126\" data-comments-opened=\"1\" data-image-meta=\"{&quot;aperture&quot;:&quot;0&quot;,&quot;credit&quot;:&quot;&quot;,&quot;camera&quot;:&quot;&quot;,&quot;caption&quot;:&quot;&quot;,&quot;created_timestamp&quot;:&quot;0&quot;,&quot;copyright&quot;:&quot;&quot;,&quot;focal_length&quot;:&quot;0&quot;,&quot;iso&quot;:&quot;0&quot;,&quot;shutter_speed&quot;:&quot;0&quot;,&quot;title&quot;:&quot;&quot;,&quot;orientation&quot;:&quot;0&quot;}\" data-image-title=\"feel_slo_EU\" data-image-description=\"\" data-image-caption=\"\" data-large-file=\"https:\/\/i0.wp.com\/mcidrija.si\/wp-content\/uploads\/2025\/01\/feel_slo_EU.webp?fit=616%2C126&amp;ssl=1\" src=\"https:\/\/i0.wp.com\/mcidrija.si\/wp-content\/uploads\/2025\/01\/feel_slo_EU.webp?resize=616%2C126&#038;ssl=1\" alt=\"\" class=\"wp-image-2539\" style=\"width:520px;height:auto\" srcset=\"https:\/\/i0.wp.com\/mcidrija.si\/wp-content\/uploads\/2025\/01\/feel_slo_EU.webp?w=616&amp;ssl=1 616w, https:\/\/i0.wp.com\/mcidrija.si\/wp-content\/uploads\/2025\/01\/feel_slo_EU.webp?resize=300%2C61&amp;ssl=1 300w\" sizes=\"(max-width: 616px) 100vw, 616px\" \/><\/figure>\n\n\n\n<ul class=\"wp-block-list\">\n<li><strong>Leto razpisa: <\/strong>2023<\/li>\n\n\n\n<li><strong>Duration of the project:<\/strong> 1. 6. 2024 &#8211; 31. 12. 2026<\/li>\n\n\n\n<li><strong>Vrednost projekta (prejeta sredstva): <\/strong>87.060,40 \u20ac (od tega vrednost EU financiranja 34.824,16 \u20ac)<\/li>\n<\/ul>\n\n\n\n<p class=\"wp-block-paragraph\">Ve\u010d informacij o Evropskih sredstvih najde\u0161 na: <a href=\"https:\/\/evropskasredstva.si\/\">https:\/\/evropskasredstva.si\/ <\/a><\/p>\n\n\n\n<p class=\"wp-block-paragraph\"><strong>Opis: <\/strong>Cilj projekta je izbolj\u0161anje dostopa do zaposlitve in aktivacijski ukrepi za vse iskalce zaposlitve, zlasti mlade, predvsem v okviru izvajanja jamstva za mlade, dolgotrajno brezposelne in prikraj\u0161ane skupine na trgu dela, in neaktivne osebe, kot tudi s spodbujanjem samozaposlovanja in socialnega gospodarstva.<\/p>\n\n\n\n<p class=\"wp-block-paragraph\">Tekom projekta bomo izvedli <strong>\u0161tevilne aktivnosti<\/strong>, s katerimi bomo posku\u0161ali mlade bolje pripraviti na trg dela. Med njimi so:<\/p>\n\n\n\n<ul class=\"wp-block-list\">\n<li>Program usposabljanja za 151 mladih o delavno pravni zakonodaji<\/li>\n\n\n\n<li>To\u010dka za mlade &#8211; M-prekarCI, ki bo mladim nudila prostor za vpra\u0161anja o problemu prekarstva in kot prostor za svetovanje o delavski zakonodaji.<\/li>\n\n\n\n<li>Digitalna kampanja na dru\u017ebenih omre\u017ejih o problemu prekarstva.<\/li>\n\n\n\n<li>M-prekarCI mobilna enota, ki bo nudila pomo\u010d mladim na terenu.<\/li>\n\n\n\n<li>In mnoge druge podporne aktivnosti.<\/li>\n<\/ul>\n\n\n\n<div class=\"wp-block-qi-blocks-spacer qodef-block-container qodef-block-131ea8d9\"><div class=\"qi-block-spacer qodef-block qodef-m\"><\/div><\/div>\n\n\n\n<section class=\"wp-block-qi-blocks-columns qodef-gutenberg-section qodef--template qodef-block-60f88305 qodef-col-num--2 qodef-col-layout--50 qodef-content--boxed\"><div class=\"qodef-section-background-overlay\"><\/div><div class=\"qodef-gutenberg-row\">\n<div class=\"wp-block-qi-blocks-column qodef-gutenberg-column qodef-block-38193313\"><div class=\"qodef-gutenberg-column-inner\">\n<h2 class=\"wp-block-heading\" style=\"padding-top:var(--wp--preset--spacing--50);padding-bottom:var(--wp--preset--spacing--50)\">M-PREKAR-CI SVETOVANJE<\/h2>\n\n\n\n<p class=\"wp-block-paragraph\">Potrebuje\u0161 pomo\u010d pri izdelavi CV-ja, motivacijske pisma, nima\u0161 pojma kako se lotiti iskanja svoje prve zaposlitve, \u0161tudentskega dela ali se ti na delovnem mestu dogajajo kr\u0161itve? Ne ve\u0161 za katero \u0161olo bi se odlo\u010dil_a?<\/p>\n\n\n\n<p class=\"wp-block-paragraph\">Oglasi se na kavi in skupaj bomo na\u0161li re\u0161itev!<\/p>\n\n\n\n<h2 class=\"wp-block-heading has-medium-font-size\">Vsako sredo med 14.00 in 16.00!<\/h2>\n\n\n\n<p class=\"wp-block-paragraph\">p.s. velikokrat se v omari skrivajo tudi pi\u0161koti \ud83d\ude09<\/p>\n\n\n\n<p class=\"has-x-small-font-size wp-block-paragraph\"><strong>Ti dan in ura ne ustrezata?<\/strong> Pi\u0161i nam na zarja.baselj@mcidrija.si ali na zasebna sporo\u010dila na\u0161ih dru\u017ebenih omre\u017eij in se dogovorimo za ustrezen termin!<\/p>\n\n\n\n<div class=\"wp-block-qi-blocks-spacer qodef-block-container qodef-block-4513c70c\"><div class=\"qi-block-spacer qodef-block qodef-m\"><\/div><\/div>\n<\/div><\/div>\n\n\n\n<div class=\"wp-block-qi-blocks-column qodef-gutenberg-column qodef-block-23e6c9e5\"><div class=\"qodef-gutenberg-column-inner\">\n<div class=\"wp-block-qi-blocks-single-image qodef-block-container qodef-block-860d2245 qodef-width--full-width\"><div class=\"qi-block-single-image qodef-block qodef-m\"><div class=\"qodef-m-image\"><img data-recalc-dims=\"1\" decoding=\"async\" width=\"650\" height=\"650\" data-attachment-id=\"5722\" data-permalink=\"https:\/\/mcidrija.si\/en\/z-mladinskim-delom-proti-prekarnosti-mladih\/dsc_6788\/\" data-orig-file=\"https:\/\/i0.wp.com\/mcidrija.si\/wp-content\/uploads\/2025\/10\/DSC_6788.jpg?fit=5777%2C3250&amp;ssl=1\" data-orig-size=\"5777,3250\" data-comments-opened=\"1\" data-image-meta=\"{&quot;aperture&quot;:&quot;2.8&quot;,&quot;credit&quot;:&quot;&quot;,&quot;camera&quot;:&quot;NIKON D7100&quot;,&quot;caption&quot;:&quot;&quot;,&quot;created_timestamp&quot;:&quot;1737375750&quot;,&quot;copyright&quot;:&quot;&quot;,&quot;focal_length&quot;:&quot;45&quot;,&quot;iso&quot;:&quot;1250&quot;,&quot;shutter_speed&quot;:&quot;0.01&quot;,&quot;title&quot;:&quot;&quot;,&quot;orientation&quot;:&quot;0&quot;}\" data-image-title=\"DSC_6788\" data-image-description=\"\" data-image-caption=\"\" data-large-file=\"https:\/\/i0.wp.com\/mcidrija.si\/wp-content\/uploads\/2025\/10\/DSC_6788.jpg?fit=1024%2C576&amp;ssl=1\" class=\"wp-image-5722\"  src=\"https:\/\/i0.wp.com\/mcidrija.si\/wp-content\/uploads\/2025\/10\/DSC_6788-650x650.jpg?resize=650%2C650&#038;ssl=1\" alt=\"\" srcset=\"https:\/\/i0.wp.com\/mcidrija.si\/wp-content\/uploads\/2025\/10\/DSC_6788.jpg?resize=650%2C650&amp;ssl=1 650w, https:\/\/i0.wp.com\/mcidrija.si\/wp-content\/uploads\/2025\/10\/DSC_6788.jpg?resize=150%2C150&amp;ssl=1 150w, https:\/\/i0.wp.com\/mcidrija.si\/wp-content\/uploads\/2025\/10\/DSC_6788.jpg?resize=1300%2C1300&amp;ssl=1 1300w, https:\/\/i0.wp.com\/mcidrija.si\/wp-content\/uploads\/2025\/10\/DSC_6788.jpg?zoom=3&amp;resize=650%2C650&amp;ssl=1 1950w\" sizes=\"(max-width: 650px) 100vw, 650px\" \/><\/div><\/div><\/div>\n<\/div><\/div>\n<\/div><\/section>\n\n\n\n<h2 class=\"wp-block-heading has-text-align-center\">povej svojo zgodbo<\/h2>\n\n\n\n<p class=\"has-text-align-center wp-block-paragraph\"><\/p>\n\n\n\n<p class=\"wp-block-paragraph\">Zagotavljanje varnega in pravi\u010dnega delovnega okolja je na\u0161a skupna odgovornost. \u010ce si na delovnem mestu do\u017eivel nepravi\u010dno obravnavo, nadlegovanje, diskriminacijo ali kakr\u0161nokoli drugo kr\u0161itev svojih pravic, te vabimo, da svojo izku\u0161njo deli\u0161 z nami.<\/p>\n\n\n\n<p class=\"wp-block-paragraph\">Morda si bil pri\u010da ali si do\u017eivel:<br>\ud83d\udd39 nepravi\u010dno ravnanje s strani nadrejenih ali sodelavcev,<br>\ud83d\udd39 \u017ealjivo komunikacijo, mobing ali druge oblike psihi\u010dnega nasilja,<br>\ud83d\udd39 nepla\u010dane nadure, nepravi\u010dne pogodbe ali neupo\u0161tevanje delovnih pravic,<br>\ud83d\udd39 si imel neprijetno izku\u0161njo na delovnem mestu &#8230;<\/p>\n\n\n\n<p class=\"wp-block-paragraph\">Vsaka izku\u0161nja \u0161teje. Tvoja zgodba lahko pomaga prepre\u010diti podobne situacije v prihodnosti.<\/p>\n\n\n\n<p class=\"wp-block-paragraph\"><\/p>\n\n\n<div class=\"wp-block-jetpack-contact-form is-style-default\"><a href=\"https:\/\/mcidrija.si\/en\/z-mladinskim-delom-proti-prekarnosti-mladih\/\" target=\"_blank\" rel=\"noopener noreferrer\">Submit a form.<\/a><\/div>\n\n\n<hr class=\"wp-block-separator has-alpha-channel-opacity\"\/>\n\n\n\n<h2 class=\"wp-block-heading has-text-align-center\">Datumi USPOSABLJANJ:<\/h2>\n\n\n\n<ul class=\"wp-block-list\">\n<li class=\"has-cyan-bluish-gray-color has-text-color has-link-color wp-elements-1\">6. 1. 2024, v prostorih Mladinskega centra Idrija za \u010dlane Zveze dru\u0161tev Mladinski center Idrija &#8211; \u017dE IZVEDENO<\/li>\n\n\n\n<li class=\"has-cyan-bluish-gray-color has-text-color has-link-color wp-elements-2\">27. 1. 2025 in 3. 2. 2025, na Gimnaziji Jurija Vege Idrija &#8211; \u017dE IZVEDENO<\/li>\n\n\n\n<li class=\"has-cyan-bluish-gray-color has-text-color has-link-color wp-elements-3\">11. 3. 2025 in 25. 3. 2025, na Gimnaziji Jurija Vege Idrija, 1.T &#8211; \u017dE IZVEDENO<\/li>\n\n\n\n<li class=\"has-cyan-bluish-gray-color has-text-color has-link-color wp-elements-4\">14. 3. 2025 in 16. 3. 2025, 1. del usposabljanja MCI poletnih ekip v Mladinskem centru Idrija &#8211; \u017dE IZVEDENO<\/li>\n\n\n\n<li class=\"has-cyan-bluish-gray-color has-text-color has-link-color wp-elements-5\">1. 4. in 25. 4. 2025, 3.B Gimnazija Jurija Vege Idrija &#8211; \u017dE IZVEDENO<\/li>\n\n\n\n<li class=\"has-cyan-bluish-gray-color has-text-color has-link-color wp-elements-6\">22. 4. in 24. 4. 2025, na Gimnazija Jurija Vege Idrija, 3. letnik &#8211; \u017dE IZVEDENO<\/li>\n\n\n\n<li class=\"has-cyan-bluish-gray-color has-text-color has-link-color wp-elements-7\">12. 4. in 17. 5. 2025, 2. del usposabljanja MCI poletnih ekip v Mladinskem centru Idrija<\/li>\n\n\n\n<li class=\"has-cyan-bluish-gray-color has-text-color has-link-color wp-elements-8\">13. 10. in 17. 11. 2025, ITS NA\u0160I Gimnazija Jurija Vege Idrija<\/li>\n\n\n\n<li class=\"has-cyan-bluish-gray-color has-text-color has-link-color wp-elements-9\">3. 11. &#8211; ITS Altera Gimnazija Jurija Vege Idrija<\/li>\n\n\n\n<li>24. in 25. 4. &#8211; ODPRTO USPOSABLJANJE V MLADINSKEM CENTRU IDRIJA. Prijava: <a href=\"https:\/\/forms.gle\/XsdSnKjojk3V5e6s7\">https:\/\/forms.gle\/XsdSnKjojk3V5e6s7<\/a><\/li>\n<\/ul>\n\n\n\n<p class=\"has-text-align-center wp-block-paragraph\"><em>Bi si tudi ti \u017eelel_a udele\u017eiti usposabljanj, si predstavnik_ca dru\u0161tva\/organizacije in si \u017eeli\u0161 organizirati izobra\u017eevanje za svoje \u010dlane, kontaktiraj nas na zarja.baselj@mcidrija.si, da se dogovorimo za ustrezen datum!<\/em><\/p>\n\n\n\n<p class=\"has-text-align-center wp-block-paragraph\">Preveri ali je pot do usposabljanja zate dostopna: <a href=\"https:\/\/pregledovalnik.dostopnost-prostora.si\/\">https:\/\/pregledovalnik.dostopnost-prostora.si\/<\/a><br>Za udele\u017ebo na usposabljanjih potrebuje\u0161 prilagoditve? Pi\u0161i nam na zarja.baselj@mcidrija.si.<\/p>\n\n\n\n<h2 class=\"wp-block-heading has-text-align-center\">FOTOGRAFIJE IZ USPOSABLJANJ<\/h2>\n\n\n\n<figure class=\"wp-block-gallery has-nested-images columns-default is-cropped wp-block-gallery-1 is-layout-flex wp-block-gallery-is-layout-flex\">\n<figure class=\"wp-block-image size-large\"><img data-recalc-dims=\"1\" decoding=\"async\" width=\"768\" height=\"1024\" data-attachment-id=\"5730\" data-permalink=\"https:\/\/mcidrija.si\/en\/z-mladinskim-delom-proti-prekarnosti-mladih\/img_20250127_114039\/\" data-orig-file=\"https:\/\/i0.wp.com\/mcidrija.si\/wp-content\/uploads\/2025\/10\/IMG_20250127_114039.jpg?fit=2976%2C3968&amp;ssl=1\" data-orig-size=\"2976,3968\" data-comments-opened=\"1\" data-image-meta=\"{&quot;aperture&quot;:&quot;1.8&quot;,&quot;credit&quot;:&quot;&quot;,&quot;camera&quot;:&quot;EML-L29&quot;,&quot;caption&quot;:&quot;&quot;,&quot;created_timestamp&quot;:&quot;1737978040&quot;,&quot;copyright&quot;:&quot;&quot;,&quot;focal_length&quot;:&quot;3.95&quot;,&quot;iso&quot;:&quot;100&quot;,&quot;shutter_speed&quot;:&quot;0.02&quot;,&quot;title&quot;:&quot;&quot;,&quot;orientation&quot;:&quot;0&quot;}\" data-image-title=\"IMG_20250127_114039\" data-image-description=\"\" data-image-caption=\"\" data-large-file=\"https:\/\/i0.wp.com\/mcidrija.si\/wp-content\/uploads\/2025\/10\/IMG_20250127_114039.jpg?fit=768%2C1024&amp;ssl=1\" data-id=\"5730\" src=\"https:\/\/i0.wp.com\/mcidrija.si\/wp-content\/uploads\/2025\/10\/IMG_20250127_114039.jpg?resize=768%2C1024&#038;ssl=1\" alt=\"\" class=\"wp-image-5730\" srcset=\"https:\/\/i0.wp.com\/mcidrija.si\/wp-content\/uploads\/2025\/10\/IMG_20250127_114039.jpg?resize=768%2C1024&amp;ssl=1 768w, https:\/\/i0.wp.com\/mcidrija.si\/wp-content\/uploads\/2025\/10\/IMG_20250127_114039.jpg?resize=225%2C300&amp;ssl=1 225w, https:\/\/i0.wp.com\/mcidrija.si\/wp-content\/uploads\/2025\/10\/IMG_20250127_114039.jpg?resize=1152%2C1536&amp;ssl=1 1152w, https:\/\/i0.wp.com\/mcidrija.si\/wp-content\/uploads\/2025\/10\/IMG_20250127_114039.jpg?resize=1536%2C2048&amp;ssl=1 1536w, https:\/\/i0.wp.com\/mcidrija.si\/wp-content\/uploads\/2025\/10\/IMG_20250127_114039.jpg?resize=9%2C12&amp;ssl=1 9w, https:\/\/i0.wp.com\/mcidrija.si\/wp-content\/uploads\/2025\/10\/IMG_20250127_114039.jpg?w=2000&amp;ssl=1 2000w\" sizes=\"(max-width: 768px) 100vw, 768px\" \/><\/figure>\n\n\n\n<figure class=\"wp-block-image size-large\"><img data-recalc-dims=\"1\" loading=\"lazy\" decoding=\"async\" width=\"768\" height=\"1024\" data-attachment-id=\"5732\" data-permalink=\"https:\/\/mcidrija.si\/en\/z-mladinskim-delom-proti-prekarnosti-mladih\/1-17\/\" data-orig-file=\"https:\/\/i0.wp.com\/mcidrija.si\/wp-content\/uploads\/2025\/10\/1-17.jpeg?fit=1536%2C2048&amp;ssl=1\" data-orig-size=\"1536,2048\" data-comments-opened=\"1\" data-image-meta=\"{&quot;aperture&quot;:&quot;0&quot;,&quot;credit&quot;:&quot;&quot;,&quot;camera&quot;:&quot;&quot;,&quot;caption&quot;:&quot;&quot;,&quot;created_timestamp&quot;:&quot;0&quot;,&quot;copyright&quot;:&quot;&quot;,&quot;focal_length&quot;:&quot;0&quot;,&quot;iso&quot;:&quot;0&quot;,&quot;shutter_speed&quot;:&quot;0&quot;,&quot;title&quot;:&quot;&quot;,&quot;orientation&quot;:&quot;0&quot;}\" data-image-title=\"1 (17)\" data-image-description=\"\" data-image-caption=\"\" data-large-file=\"https:\/\/i0.wp.com\/mcidrija.si\/wp-content\/uploads\/2025\/10\/1-17.jpeg?fit=768%2C1024&amp;ssl=1\" data-id=\"5732\" src=\"https:\/\/i0.wp.com\/mcidrija.si\/wp-content\/uploads\/2025\/10\/1-17.jpeg?resize=768%2C1024&#038;ssl=1\" alt=\"\" class=\"wp-image-5732\" srcset=\"https:\/\/i0.wp.com\/mcidrija.si\/wp-content\/uploads\/2025\/10\/1-17.jpeg?resize=768%2C1024&amp;ssl=1 768w, https:\/\/i0.wp.com\/mcidrija.si\/wp-content\/uploads\/2025\/10\/1-17.jpeg?resize=225%2C300&amp;ssl=1 225w, https:\/\/i0.wp.com\/mcidrija.si\/wp-content\/uploads\/2025\/10\/1-17.jpeg?resize=1152%2C1536&amp;ssl=1 1152w, https:\/\/i0.wp.com\/mcidrija.si\/wp-content\/uploads\/2025\/10\/1-17.jpeg?resize=9%2C12&amp;ssl=1 9w, https:\/\/i0.wp.com\/mcidrija.si\/wp-content\/uploads\/2025\/10\/1-17.jpeg?w=1536&amp;ssl=1 1536w\" sizes=\"(max-width: 768px) 100vw, 768px\" \/><\/figure>\n\n\n\n<figure class=\"wp-block-image size-large\"><img data-recalc-dims=\"1\" loading=\"lazy\" decoding=\"async\" width=\"768\" height=\"1024\" data-attachment-id=\"5733\" data-permalink=\"https:\/\/mcidrija.si\/en\/z-mladinskim-delom-proti-prekarnosti-mladih\/1-8\/\" data-orig-file=\"https:\/\/i0.wp.com\/mcidrija.si\/wp-content\/uploads\/2025\/10\/1.jpeg?fit=1536%2C2048&amp;ssl=1\" data-orig-size=\"1536,2048\" data-comments-opened=\"1\" data-image-meta=\"{&quot;aperture&quot;:&quot;0&quot;,&quot;credit&quot;:&quot;&quot;,&quot;camera&quot;:&quot;&quot;,&quot;caption&quot;:&quot;&quot;,&quot;created_timestamp&quot;:&quot;0&quot;,&quot;copyright&quot;:&quot;&quot;,&quot;focal_length&quot;:&quot;0&quot;,&quot;iso&quot;:&quot;0&quot;,&quot;shutter_speed&quot;:&quot;0&quot;,&quot;title&quot;:&quot;&quot;,&quot;orientation&quot;:&quot;0&quot;}\" data-image-title=\"1\" data-image-description=\"\" data-image-caption=\"\" data-large-file=\"https:\/\/i0.wp.com\/mcidrija.si\/wp-content\/uploads\/2025\/10\/1.jpeg?fit=768%2C1024&amp;ssl=1\" data-id=\"5733\" src=\"https:\/\/i0.wp.com\/mcidrija.si\/wp-content\/uploads\/2025\/10\/1.jpeg?resize=768%2C1024&#038;ssl=1\" alt=\"\" class=\"wp-image-5733\" srcset=\"https:\/\/i0.wp.com\/mcidrija.si\/wp-content\/uploads\/2025\/10\/1.jpeg?resize=768%2C1024&amp;ssl=1 768w, https:\/\/i0.wp.com\/mcidrija.si\/wp-content\/uploads\/2025\/10\/1.jpeg?resize=225%2C300&amp;ssl=1 225w, https:\/\/i0.wp.com\/mcidrija.si\/wp-content\/uploads\/2025\/10\/1.jpeg?resize=1152%2C1536&amp;ssl=1 1152w, https:\/\/i0.wp.com\/mcidrija.si\/wp-content\/uploads\/2025\/10\/1.jpeg?resize=9%2C12&amp;ssl=1 9w, https:\/\/i0.wp.com\/mcidrija.si\/wp-content\/uploads\/2025\/10\/1.jpeg?w=1536&amp;ssl=1 1536w\" sizes=\"(max-width: 768px) 100vw, 768px\" \/><\/figure>\n\n\n\n<figure class=\"wp-block-image size-large\"><img data-recalc-dims=\"1\" loading=\"lazy\" decoding=\"async\" width=\"768\" height=\"1024\" data-attachment-id=\"5735\" data-permalink=\"https:\/\/mcidrija.si\/en\/z-mladinskim-delom-proti-prekarnosti-mladih\/img-20250404-wa0015\/\" data-orig-file=\"https:\/\/i0.wp.com\/mcidrija.si\/wp-content\/uploads\/2025\/10\/IMG-20250404-WA0015.jpg?fit=1536%2C2048&amp;ssl=1\" data-orig-size=\"1536,2048\" data-comments-opened=\"1\" data-image-meta=\"{&quot;aperture&quot;:&quot;0&quot;,&quot;credit&quot;:&quot;&quot;,&quot;camera&quot;:&quot;&quot;,&quot;caption&quot;:&quot;&quot;,&quot;created_timestamp&quot;:&quot;0&quot;,&quot;copyright&quot;:&quot;&quot;,&quot;focal_length&quot;:&quot;0&quot;,&quot;iso&quot;:&quot;0&quot;,&quot;shutter_speed&quot;:&quot;0&quot;,&quot;title&quot;:&quot;&quot;,&quot;orientation&quot;:&quot;0&quot;}\" data-image-title=\"IMG-20250404-WA0015\" data-image-description=\"\" data-image-caption=\"\" data-large-file=\"https:\/\/i0.wp.com\/mcidrija.si\/wp-content\/uploads\/2025\/10\/IMG-20250404-WA0015.jpg?fit=768%2C1024&amp;ssl=1\" data-id=\"5735\" src=\"https:\/\/i0.wp.com\/mcidrija.si\/wp-content\/uploads\/2025\/10\/IMG-20250404-WA0015.jpg?resize=768%2C1024&#038;ssl=1\" alt=\"\" class=\"wp-image-5735\" srcset=\"https:\/\/i0.wp.com\/mcidrija.si\/wp-content\/uploads\/2025\/10\/IMG-20250404-WA0015.jpg?resize=768%2C1024&amp;ssl=1 768w, https:\/\/i0.wp.com\/mcidrija.si\/wp-content\/uploads\/2025\/10\/IMG-20250404-WA0015.jpg?resize=225%2C300&amp;ssl=1 225w, https:\/\/i0.wp.com\/mcidrija.si\/wp-content\/uploads\/2025\/10\/IMG-20250404-WA0015.jpg?resize=1152%2C1536&amp;ssl=1 1152w, https:\/\/i0.wp.com\/mcidrija.si\/wp-content\/uploads\/2025\/10\/IMG-20250404-WA0015.jpg?resize=9%2C12&amp;ssl=1 9w, https:\/\/i0.wp.com\/mcidrija.si\/wp-content\/uploads\/2025\/10\/IMG-20250404-WA0015.jpg?w=1536&amp;ssl=1 1536w\" sizes=\"(max-width: 768px) 100vw, 768px\" \/><\/figure>\n\n\n\n<figure class=\"wp-block-image size-large\"><img data-recalc-dims=\"1\" loading=\"lazy\" decoding=\"async\" width=\"768\" height=\"1024\" data-attachment-id=\"5736\" data-permalink=\"https:\/\/mcidrija.si\/en\/z-mladinskim-delom-proti-prekarnosti-mladih\/img-20251024-wa0006\/\" data-orig-file=\"https:\/\/i0.wp.com\/mcidrija.si\/wp-content\/uploads\/2025\/10\/IMG-20251024-WA0006.jpg?fit=3024%2C4032&amp;ssl=1\" data-orig-size=\"3024,4032\" data-comments-opened=\"1\" data-image-meta=\"{&quot;aperture&quot;:&quot;0&quot;,&quot;credit&quot;:&quot;&quot;,&quot;camera&quot;:&quot;&quot;,&quot;caption&quot;:&quot;&quot;,&quot;created_timestamp&quot;:&quot;0&quot;,&quot;copyright&quot;:&quot;&quot;,&quot;focal_length&quot;:&quot;0&quot;,&quot;iso&quot;:&quot;0&quot;,&quot;shutter_speed&quot;:&quot;0&quot;,&quot;title&quot;:&quot;&quot;,&quot;orientation&quot;:&quot;0&quot;}\" data-image-title=\"IMG-20251024-WA0006\" data-image-description=\"\" data-image-caption=\"\" data-large-file=\"https:\/\/i0.wp.com\/mcidrija.si\/wp-content\/uploads\/2025\/10\/IMG-20251024-WA0006.jpg?fit=768%2C1024&amp;ssl=1\" data-id=\"5736\" src=\"https:\/\/i0.wp.com\/mcidrija.si\/wp-content\/uploads\/2025\/10\/IMG-20251024-WA0006.jpg?resize=768%2C1024&#038;ssl=1\" alt=\"\" class=\"wp-image-5736\" srcset=\"https:\/\/i0.wp.com\/mcidrija.si\/wp-content\/uploads\/2025\/10\/IMG-20251024-WA0006.jpg?resize=768%2C1024&amp;ssl=1 768w, https:\/\/i0.wp.com\/mcidrija.si\/wp-content\/uploads\/2025\/10\/IMG-20251024-WA0006.jpg?resize=225%2C300&amp;ssl=1 225w, https:\/\/i0.wp.com\/mcidrija.si\/wp-content\/uploads\/2025\/10\/IMG-20251024-WA0006.jpg?resize=1152%2C1536&amp;ssl=1 1152w, https:\/\/i0.wp.com\/mcidrija.si\/wp-content\/uploads\/2025\/10\/IMG-20251024-WA0006.jpg?resize=1536%2C2048&amp;ssl=1 1536w, https:\/\/i0.wp.com\/mcidrija.si\/wp-content\/uploads\/2025\/10\/IMG-20251024-WA0006.jpg?resize=9%2C12&amp;ssl=1 9w, https:\/\/i0.wp.com\/mcidrija.si\/wp-content\/uploads\/2025\/10\/IMG-20251024-WA0006.jpg?w=2000&amp;ssl=1 2000w, https:\/\/i0.wp.com\/mcidrija.si\/wp-content\/uploads\/2025\/10\/IMG-20251024-WA0006.jpg?w=3000&amp;ssl=1 3000w\" sizes=\"(max-width: 768px) 100vw, 768px\" \/><\/figure>\n<\/figure>\n\n\n\n<p class=\"has-text-align-center wp-block-paragraph\"><\/p>\n\n\n\n<div class=\"wp-block-qi-blocks-spacer qodef-block-container qodef-block-f49dff51\"><div class=\"qi-block-spacer qodef-block qodef-m\"><\/div><\/div>\n\n\n\n<div class=\"wp-block-qi-blocks-divider qodef-block-container qodef-block-71c1f278\"><div class=\"qi-block-divider qodef-block qodef-m qodef-layout--standard qodef-position--center\"><div class=\"qodef-m-line\"><\/div><\/div><\/div>\n\n\n\n<h2 class=\"wp-block-heading has-text-align-center\">pretekli dogodki in \u010dlanki: <\/h2>\n\n\n\t<div\n\t\tclass=\"wp-block-newspack-blocks-homepage-articles is-style-default wpnbha is-grid columns-3 colgap-1 show-image image-aligntop ts-3 is-2 is-landscape mobile-stack is-style-default has-text-align-center\"\n\t\tstyle=\"\"\n\t\t>\n\t\t<div data-posts data-current-post-id=\"2536\">\n\t\t\t\t\t\t\n\t<article data-post-id=\"9174\"\n\t\tclass=\"tag-prekarnost category-novice type-post post-has-image\"\n\t\t\t\t>\n\t\t\t\t\t\t\t<figure class=\"post-thumbnail\">\n\t\t\t\t\t\t\t\t<a href=\"https:\/\/mcidrija.si\/en\/2026\/07\/27\/aktivna-politika-zaposlovanje-mladih\/\" rel=\"bookmark\" tabindex=\"-1\" aria-hidden=\"true\">\n\t\t\t\t\t\t\t\t\t\t\t\t<img loading=\"lazy\" decoding=\"async\" width=\"1200\" height=\"900\" src=\"https:\/\/i0.wp.com\/mcidrija.si\/wp-content\/uploads\/2026\/07\/Kaj-vse-moras-urediti-pred-poletnim-studentskim-delom-1.png?resize=1200%2C900&amp;ssl=1\" class=\"attachment-newspack-article-block-landscape-large size-newspack-article-block-landscape-large wp-post-image\" alt=\"AKTIVNA POLITIKA ZAPOSLOVANJA MLADIH\" data-hero-candidate=\"1\" srcset=\"https:\/\/i0.wp.com\/mcidrija.si\/wp-content\/uploads\/2026\/07\/Kaj-vse-moras-urediti-pred-poletnim-studentskim-delom-1.png?w=1200&amp;ssl=1 1200w, https:\/\/i0.wp.com\/mcidrija.si\/wp-content\/uploads\/2026\/07\/Kaj-vse-moras-urediti-pred-poletnim-studentskim-delom-1.png?resize=300%2C225&amp;ssl=1 300w, https:\/\/i0.wp.com\/mcidrija.si\/wp-content\/uploads\/2026\/07\/Kaj-vse-moras-urediti-pred-poletnim-studentskim-delom-1.png?resize=1024%2C768&amp;ssl=1 1024w, https:\/\/i0.wp.com\/mcidrija.si\/wp-content\/uploads\/2026\/07\/Kaj-vse-moras-urediti-pred-poletnim-studentskim-delom-1.png?resize=768%2C576&amp;ssl=1 768w, https:\/\/i0.wp.com\/mcidrija.si\/wp-content\/uploads\/2026\/07\/Kaj-vse-moras-urediti-pred-poletnim-studentskim-delom-1.png?resize=16%2C12&amp;ssl=1 16w\" sizes=\"(max-width: 1000px) 100vw, 1000px\" data-attachment-id=\"9226\" data-permalink=\"https:\/\/mcidrija.si\/en\/2026\/07\/27\/aktivna-politika-zaposlovanje-mladih\/kaj-vse-moras-urediti-pred-poletnim-studentskim-delom-4\/\" data-orig-file=\"https:\/\/i0.wp.com\/mcidrija.si\/wp-content\/uploads\/2026\/07\/Kaj-vse-moras-urediti-pred-poletnim-studentskim-delom-1.png?fit=1200%2C900&amp;ssl=1\" data-orig-size=\"1200,900\" data-comments-opened=\"1\" data-image-meta=\"{&quot;aperture&quot;:&quot;0&quot;,&quot;credit&quot;:&quot;&quot;,&quot;camera&quot;:&quot;&quot;,&quot;caption&quot;:&quot;&quot;,&quot;created_timestamp&quot;:&quot;0&quot;,&quot;copyright&quot;:&quot;&quot;,&quot;focal_length&quot;:&quot;0&quot;,&quot;iso&quot;:&quot;0&quot;,&quot;shutter_speed&quot;:&quot;0&quot;,&quot;title&quot;:&quot;&quot;,&quot;orientation&quot;:&quot;0&quot;,&quot;alt&quot;:&quot;&quot;}\" data-image-title=\"Kaj vse mora\u0161 urediti pred poletnim \u0161tudentskim delom\" data-image-description=\"\" data-image-caption=\"\" data-large-file=\"https:\/\/i0.wp.com\/mcidrija.si\/wp-content\/uploads\/2026\/07\/Kaj-vse-moras-urediti-pred-poletnim-studentskim-delom-1.png?fit=1024%2C768&amp;ssl=1\" \/>\t\t\t\t\t\t\t\t\t\t\t\t<\/a>\n\t\t\t\t\n\t\t\t\t\t\t\t<\/figure><!-- .featured-image -->\n\t\t\n\t\t<div class=\"entry-wrapper\">\n\t\t\t\t\t\t<h2 class=\"entry-title\"><a href=\"https:\/\/mcidrija.si\/en\/2026\/07\/27\/aktivna-politika-zaposlovanje-mladih\/\" rel=\"bookmark\">AKTIVNA POLITIKA ZAPOSLOVANJA MLADIH<\/a><\/h2>\t\t\t\t\t\t<p>Kon\u010duje\u0161 \u0161olo? I\u0161\u010de\u0161 prvo zaposlitev? Ne ve\u0161, kje za\u010deti? Takrat lahko naleti\u0161 na izraz aktivna politika zaposlovanja (APZ). Ime se sli\u0161i precej zapleteno, v resnici pa gre za razli\u010dne programe\u2026<\/p>\n\t\t\t\t<a class=\"more-link\" href=\"https:\/\/mcidrija.si\/en\/2026\/07\/27\/aktivna-politika-zaposlovanje-mladih\/\" rel=\"bookmark\">\n\t\t\t\t\tNadaljuj z branjem\t\t\t\t<\/a>\n\t\t\t\t\t\t\t\t<div class=\"entry-meta\">\n\t\t\t\t\t<time class=\"entry-date published\" datetime=\"2026-07-27T10:57:49+02:00\">27\/07\/2026<\/time><time class=\"updated\" datetime=\"2026-07-31T07:28:53+02:00\">31\/07\/2026<\/time>\t\t\t\t<\/div><!-- .entry-meta -->\n\t\t\t\t\t\t\t\t<\/div><!-- .entry-wrapper -->\n\t<\/article>\n\n\t\t\n\t<article data-post-id=\"9070\"\n\t\tclass=\"tag-prekarnost category-novice type-post post-has-image\"\n\t\t\t\t>\n\t\t\t\t\t\t\t<figure class=\"post-thumbnail\">\n\t\t\t\t\t\t\t\t<a href=\"https:\/\/mcidrija.si\/en\/2026\/07\/14\/kaj-je-fora-zavoda-rs-za-zaposlovanje\/\" rel=\"bookmark\" tabindex=\"-1\" aria-hidden=\"true\">\n\t\t\t\t\t\t\t\t\t\t\t\t<img loading=\"lazy\" decoding=\"async\" width=\"1200\" height=\"900\" src=\"https:\/\/i0.wp.com\/mcidrija.si\/wp-content\/uploads\/2026\/07\/Kaj-vse-moras-urediti-pred-poletnim-studentskim-delom.jpg?resize=1200%2C900&amp;ssl=1\" class=\"attachment-newspack-article-block-landscape-large size-newspack-article-block-landscape-large wp-post-image\" alt=\"Kaj je fora Zavoda RS za zaposlovanje?\" data-hero-candidate=\"1\" srcset=\"https:\/\/i0.wp.com\/mcidrija.si\/wp-content\/uploads\/2026\/07\/Kaj-vse-moras-urediti-pred-poletnim-studentskim-delom.jpg?w=1200&amp;ssl=1 1200w, https:\/\/i0.wp.com\/mcidrija.si\/wp-content\/uploads\/2026\/07\/Kaj-vse-moras-urediti-pred-poletnim-studentskim-delom.jpg?resize=300%2C225&amp;ssl=1 300w, https:\/\/i0.wp.com\/mcidrija.si\/wp-content\/uploads\/2026\/07\/Kaj-vse-moras-urediti-pred-poletnim-studentskim-delom.jpg?resize=1024%2C768&amp;ssl=1 1024w, https:\/\/i0.wp.com\/mcidrija.si\/wp-content\/uploads\/2026\/07\/Kaj-vse-moras-urediti-pred-poletnim-studentskim-delom.jpg?resize=768%2C576&amp;ssl=1 768w, https:\/\/i0.wp.com\/mcidrija.si\/wp-content\/uploads\/2026\/07\/Kaj-vse-moras-urediti-pred-poletnim-studentskim-delom.jpg?resize=16%2C12&amp;ssl=1 16w\" sizes=\"(max-width: 1000px) 100vw, 1000px\" data-attachment-id=\"9117\" data-permalink=\"https:\/\/mcidrija.si\/en\/2026\/07\/14\/kaj-je-fora-zavoda-rs-za-zaposlovanje\/kaj-vse-moras-urediti-pred-poletnim-studentskim-delom-3\/\" data-orig-file=\"https:\/\/i0.wp.com\/mcidrija.si\/wp-content\/uploads\/2026\/07\/Kaj-vse-moras-urediti-pred-poletnim-studentskim-delom.jpg?fit=1200%2C900&amp;ssl=1\" data-orig-size=\"1200,900\" data-comments-opened=\"1\" data-image-meta=\"{&quot;aperture&quot;:&quot;0&quot;,&quot;credit&quot;:&quot;&quot;,&quot;camera&quot;:&quot;&quot;,&quot;caption&quot;:&quot;&quot;,&quot;created_timestamp&quot;:&quot;0&quot;,&quot;copyright&quot;:&quot;&quot;,&quot;focal_length&quot;:&quot;0&quot;,&quot;iso&quot;:&quot;0&quot;,&quot;shutter_speed&quot;:&quot;0&quot;,&quot;title&quot;:&quot;&quot;,&quot;orientation&quot;:&quot;1&quot;,&quot;alt&quot;:&quot;&quot;}\" data-image-title=\"Kaj vse mora\u0161 urediti pred poletnim \u0161tudentskim delom\" data-image-description=\"\" data-image-caption=\"\" data-large-file=\"https:\/\/i0.wp.com\/mcidrija.si\/wp-content\/uploads\/2026\/07\/Kaj-vse-moras-urediti-pred-poletnim-studentskim-delom.jpg?fit=1024%2C768&amp;ssl=1\" \/>\t\t\t\t\t\t\t\t\t\t\t\t<\/a>\n\t\t\t\t\n\t\t\t\t\t\t\t<\/figure><!-- .featured-image -->\n\t\t\n\t\t<div class=\"entry-wrapper\">\n\t\t\t\t\t\t<h2 class=\"entry-title\"><a href=\"https:\/\/mcidrija.si\/en\/2026\/07\/14\/kaj-je-fora-zavoda-rs-za-zaposlovanje\/\" rel=\"bookmark\">Kaj je fora Zavoda RS za zaposlovanje?<\/a><\/h2>\t\t\t\t\t\t<p>Kon\u010duje\u0161 \u0161olo in \u0161e nima\u0161 slu\u017ebe? Se ti zdi, da je \u00bbiti na zavod\u00ab nekaj slabega? Brez skrbi \u2013 Zavod RS za zaposlovanje ni kraj, kjer samo \u010daka\u0161 na slu\u017ebo.\u2026<\/p>\n\t\t\t\t<a class=\"more-link\" href=\"https:\/\/mcidrija.si\/en\/2026\/07\/14\/kaj-je-fora-zavoda-rs-za-zaposlovanje\/\" rel=\"bookmark\">\n\t\t\t\t\tNadaljuj z branjem\t\t\t\t<\/a>\n\t\t\t\t\t\t\t\t<div class=\"entry-meta\">\n\t\t\t\t\t<time class=\"entry-date published\" datetime=\"2026-07-14T12:29:34+02:00\">14\/07\/2026<\/time><time class=\"updated\" datetime=\"2026-07-27T11:33:27+02:00\">27\/07\/2026<\/time>\t\t\t\t<\/div><!-- .entry-meta -->\n\t\t\t\t\t\t\t\t<\/div><!-- .entry-wrapper -->\n\t<\/article>\n\n\t\t\n\t<article data-post-id=\"8972\"\n\t\tclass=\"tag-prekarnost category-novice type-post post-has-image\"\n\t\t\t\t>\n\t\t\t\t\t\t\t<figure class=\"post-thumbnail\">\n\t\t\t\t\t\t\t\t<a href=\"https:\/\/mcidrija.si\/en\/2026\/07\/08\/imas-podjetnisko-idejo-sedaj-imas-priloznost-da-jo-uresnicis-preko-programa-poni\/\" rel=\"bookmark\" tabindex=\"-1\" aria-hidden=\"true\">\n\t\t\t\t\t\t\t\t\t\t\t\t<img loading=\"lazy\" decoding=\"async\" width=\"1200\" height=\"900\" src=\"https:\/\/i0.wp.com\/mcidrija.si\/wp-content\/uploads\/2026\/07\/Kaj-vse-moras-urediti-pred-poletnim-studentskim-delom.png?resize=1200%2C900&amp;ssl=1\" class=\"attachment-newspack-article-block-landscape-large size-newspack-article-block-landscape-large wp-post-image\" alt=\"IMA\u0160 PODJETNI\u0160KO IDEJO? SEDAJ IMA\u0160 PRILO\u017dNOST, DA JO URESNI\u010cI\u0160 PREKO PROGRAMA PONI!\u00a0\" data-hero-candidate=\"1\" srcset=\"https:\/\/i0.wp.com\/mcidrija.si\/wp-content\/uploads\/2026\/07\/Kaj-vse-moras-urediti-pred-poletnim-studentskim-delom.png?w=1200&amp;ssl=1 1200w, https:\/\/i0.wp.com\/mcidrija.si\/wp-content\/uploads\/2026\/07\/Kaj-vse-moras-urediti-pred-poletnim-studentskim-delom.png?resize=300%2C225&amp;ssl=1 300w, https:\/\/i0.wp.com\/mcidrija.si\/wp-content\/uploads\/2026\/07\/Kaj-vse-moras-urediti-pred-poletnim-studentskim-delom.png?resize=1024%2C768&amp;ssl=1 1024w, https:\/\/i0.wp.com\/mcidrija.si\/wp-content\/uploads\/2026\/07\/Kaj-vse-moras-urediti-pred-poletnim-studentskim-delom.png?resize=768%2C576&amp;ssl=1 768w, https:\/\/i0.wp.com\/mcidrija.si\/wp-content\/uploads\/2026\/07\/Kaj-vse-moras-urediti-pred-poletnim-studentskim-delom.png?resize=16%2C12&amp;ssl=1 16w\" sizes=\"(max-width: 1000px) 100vw, 1000px\" data-attachment-id=\"9040\" data-permalink=\"https:\/\/mcidrija.si\/en\/2026\/07\/08\/imas-podjetnisko-idejo-sedaj-imas-priloznost-da-jo-uresnicis-preko-programa-poni\/kaj-vse-moras-urediti-pred-poletnim-studentskim-delom-2\/\" data-orig-file=\"https:\/\/i0.wp.com\/mcidrija.si\/wp-content\/uploads\/2026\/07\/Kaj-vse-moras-urediti-pred-poletnim-studentskim-delom.png?fit=1200%2C900&amp;ssl=1\" data-orig-size=\"1200,900\" data-comments-opened=\"1\" data-image-meta=\"{&quot;aperture&quot;:&quot;0&quot;,&quot;credit&quot;:&quot;&quot;,&quot;camera&quot;:&quot;&quot;,&quot;caption&quot;:&quot;&quot;,&quot;created_timestamp&quot;:&quot;0&quot;,&quot;copyright&quot;:&quot;&quot;,&quot;focal_length&quot;:&quot;0&quot;,&quot;iso&quot;:&quot;0&quot;,&quot;shutter_speed&quot;:&quot;0&quot;,&quot;title&quot;:&quot;&quot;,&quot;orientation&quot;:&quot;0&quot;,&quot;alt&quot;:&quot;&quot;}\" data-image-title=\"Kaj vse mora\u0161 urediti pred poletnim \u0161tudentskim delom\" data-image-description=\"\" data-image-caption=\"\" data-large-file=\"https:\/\/i0.wp.com\/mcidrija.si\/wp-content\/uploads\/2026\/07\/Kaj-vse-moras-urediti-pred-poletnim-studentskim-delom.png?fit=1024%2C768&amp;ssl=1\" \/>\t\t\t\t\t\t\t\t\t\t\t\t<\/a>\n\t\t\t\t\n\t\t\t\t\t\t\t<\/figure><!-- .featured-image -->\n\t\t\n\t\t<div class=\"entry-wrapper\">\n\t\t\t\t\t\t<h2 class=\"entry-title\"><a href=\"https:\/\/mcidrija.si\/en\/2026\/07\/08\/imas-podjetnisko-idejo-sedaj-imas-priloznost-da-jo-uresnicis-preko-programa-poni\/\" rel=\"bookmark\">IMA\u0160 PODJETNI\u0160KO IDEJO? SEDAJ IMA\u0160 PRILO\u017dNOST, DA JO URESNI\u010cI\u0160 PREKO PROGRAMA PONI!\u00a0<\/a><\/h2>\t\t\t\t\t\t<p>Ima\u0161 dobro idejo? Program PONI ti lahko pomaga, da jo spravi\u0161 v realnost.&nbsp;&nbsp; Si \u017ee kdaj pomislil_a, da bi iz svoje ideje naredil_a nekaj ve\u010d? Mogo\u010de izdeluje\u0161 nakit, pe\u010de\u0161 sladice,\u2026<\/p>\n\t\t\t\t<a class=\"more-link\" href=\"https:\/\/mcidrija.si\/en\/2026\/07\/08\/imas-podjetnisko-idejo-sedaj-imas-priloznost-da-jo-uresnicis-preko-programa-poni\/\" rel=\"bookmark\">\n\t\t\t\t\tNadaljuj z branjem\t\t\t\t<\/a>\n\t\t\t\t\t\t\t\t<div class=\"entry-meta\">\n\t\t\t\t\t<time class=\"entry-date published\" datetime=\"2026-07-08T10:44:38+02:00\">08\/07\/2026<\/time><time class=\"updated\" datetime=\"2026-07-16T13:29:24+02:00\">16\/07\/2026<\/time>\t\t\t\t<\/div><!-- .entry-meta -->\n\t\t\t\t\t\t\t\t<\/div><!-- .entry-wrapper -->\n\t<\/article>\n\n\t\t\n\t<article data-post-id=\"8826\"\n\t\tclass=\"tag-prekarnost category-novice type-post post-has-image\"\n\t\t\t\t>\n\t\t\t\t\t\t\t<figure class=\"post-thumbnail\">\n\t\t\t\t\t\t\t\t<a href=\"https:\/\/mcidrija.si\/en\/2026\/07\/06\/kaj-vse-moras-urediti-pred-poletnim-studentskim-delom\/\" rel=\"bookmark\" tabindex=\"-1\" aria-hidden=\"true\">\n\t\t\t\t\t\t\t\t\t\t\t\t<img loading=\"lazy\" decoding=\"async\" width=\"1200\" height=\"900\" src=\"https:\/\/i0.wp.com\/mcidrija.si\/wp-content\/uploads\/2026\/07\/1.png?resize=1200%2C900&amp;ssl=1\" class=\"attachment-newspack-article-block-landscape-large size-newspack-article-block-landscape-large wp-post-image\" alt=\"Kaj vse mora\u0161 urediti pred poletnim \u0161tudentskim delom?\" data-hero-candidate=\"1\" srcset=\"https:\/\/i0.wp.com\/mcidrija.si\/wp-content\/uploads\/2026\/07\/1.png?w=1200&amp;ssl=1 1200w, https:\/\/i0.wp.com\/mcidrija.si\/wp-content\/uploads\/2026\/07\/1.png?resize=300%2C225&amp;ssl=1 300w, https:\/\/i0.wp.com\/mcidrija.si\/wp-content\/uploads\/2026\/07\/1.png?resize=1024%2C768&amp;ssl=1 1024w, https:\/\/i0.wp.com\/mcidrija.si\/wp-content\/uploads\/2026\/07\/1.png?resize=768%2C576&amp;ssl=1 768w, https:\/\/i0.wp.com\/mcidrija.si\/wp-content\/uploads\/2026\/07\/1.png?resize=16%2C12&amp;ssl=1 16w\" sizes=\"(max-width: 1000px) 100vw, 1000px\" data-attachment-id=\"8963\" data-permalink=\"https:\/\/mcidrija.si\/en\/2026\/07\/06\/kaj-vse-moras-urediti-pred-poletnim-studentskim-delom\/1-16\/\" data-orig-file=\"https:\/\/i0.wp.com\/mcidrija.si\/wp-content\/uploads\/2026\/07\/1.png?fit=1200%2C900&amp;ssl=1\" data-orig-size=\"1200,900\" data-comments-opened=\"1\" data-image-meta=\"{&quot;aperture&quot;:&quot;0&quot;,&quot;credit&quot;:&quot;&quot;,&quot;camera&quot;:&quot;&quot;,&quot;caption&quot;:&quot;&quot;,&quot;created_timestamp&quot;:&quot;0&quot;,&quot;copyright&quot;:&quot;&quot;,&quot;focal_length&quot;:&quot;0&quot;,&quot;iso&quot;:&quot;0&quot;,&quot;shutter_speed&quot;:&quot;0&quot;,&quot;title&quot;:&quot;&quot;,&quot;orientation&quot;:&quot;0&quot;,&quot;alt&quot;:&quot;&quot;}\" data-image-title=\"1\" data-image-description=\"\" data-image-caption=\"\" data-large-file=\"https:\/\/i0.wp.com\/mcidrija.si\/wp-content\/uploads\/2026\/07\/1.png?fit=1024%2C768&amp;ssl=1\" \/>\t\t\t\t\t\t\t\t\t\t\t\t<\/a>\n\t\t\t\t\n\t\t\t\t\t\t\t<\/figure><!-- .featured-image -->\n\t\t\n\t\t<div class=\"entry-wrapper\">\n\t\t\t\t\t\t<h2 class=\"entry-title\"><a href=\"https:\/\/mcidrija.si\/en\/2026\/07\/06\/kaj-vse-moras-urediti-pred-poletnim-studentskim-delom\/\" rel=\"bookmark\">Kaj vse mora\u0161 urediti pred poletnim \u0161tudentskim delom?<\/a><\/h2>\t\t\t\t\t\t<p>Poletje je za marsikaterega dijaka ali \u0161tudenta prilo\u017enost za prvi stik s svetom dela. Poleg dodatnega zaslu\u017eka lahko pridobi\u0161 dragocene izku\u0161nje, spozna\u0161 razli\u010dna delovna okolja in razvija\u0161 ve\u0161\u010dine, ki ti\u2026<\/p>\n\t\t\t\t<a class=\"more-link\" href=\"https:\/\/mcidrija.si\/en\/2026\/07\/06\/kaj-vse-moras-urediti-pred-poletnim-studentskim-delom\/\" rel=\"bookmark\">\n\t\t\t\t\tNadaljuj z branjem\t\t\t\t<\/a>\n\t\t\t\t\t\t\t\t<div class=\"entry-meta\">\n\t\t\t\t\t<time class=\"entry-date published\" datetime=\"2026-07-06T18:01:03+02:00\">06\/07\/2026<\/time><time class=\"updated\" datetime=\"2026-07-06T18:01:06+02:00\">06\/07\/2026<\/time>\t\t\t\t<\/div><!-- .entry-meta -->\n\t\t\t\t\t\t\t\t<\/div><!-- .entry-wrapper -->\n\t<\/article>\n\n\t\t\n\t<article data-post-id=\"7710\"\n\t\tclass=\"tag-prekarnost category-novice type-post post-has-image\"\n\t\t\t\t>\n\t\t\t\t\t\t\t<figure class=\"post-thumbnail\">\n\t\t\t\t\t\t\t\t<a href=\"https:\/\/mcidrija.si\/en\/2026\/04\/02\/kako-ne-biti-nategnjen-v-svetu-dela-usposabljanje-za-mlade\/\" rel=\"bookmark\" tabindex=\"-1\" aria-hidden=\"true\">\n\t\t\t\t\t\t\t\t\t\t\t\t<img loading=\"lazy\" decoding=\"async\" width=\"1200\" height=\"900\" src=\"https:\/\/i0.wp.com\/mcidrija.si\/wp-content\/uploads\/2026\/04\/website-size-7.png?resize=1200%2C900&amp;ssl=1\" class=\"attachment-newspack-article-block-landscape-large size-newspack-article-block-landscape-large wp-post-image\" alt=\"KAKO NE BITI NATEGNJEN V SVETU DELA &#8211; USPOSABLJANJE ZA MLADE\" data-hero-candidate=\"1\" srcset=\"https:\/\/i0.wp.com\/mcidrija.si\/wp-content\/uploads\/2026\/04\/website-size-7.png?w=1200&amp;ssl=1 1200w, https:\/\/i0.wp.com\/mcidrija.si\/wp-content\/uploads\/2026\/04\/website-size-7.png?resize=300%2C225&amp;ssl=1 300w, https:\/\/i0.wp.com\/mcidrija.si\/wp-content\/uploads\/2026\/04\/website-size-7.png?resize=1024%2C768&amp;ssl=1 1024w, https:\/\/i0.wp.com\/mcidrija.si\/wp-content\/uploads\/2026\/04\/website-size-7.png?resize=768%2C576&amp;ssl=1 768w, https:\/\/i0.wp.com\/mcidrija.si\/wp-content\/uploads\/2026\/04\/website-size-7.png?resize=16%2C12&amp;ssl=1 16w\" sizes=\"(max-width: 1000px) 100vw, 1000px\" data-attachment-id=\"7721\" data-permalink=\"https:\/\/mcidrija.si\/en\/2026\/04\/02\/kako-ne-biti-nategnjen-v-svetu-dela-usposabljanje-za-mlade\/website-size-7-2\/\" data-orig-file=\"https:\/\/i0.wp.com\/mcidrija.si\/wp-content\/uploads\/2026\/04\/website-size-7.png?fit=1200%2C900&amp;ssl=1\" data-orig-size=\"1200,900\" data-comments-opened=\"1\" data-image-meta=\"{&quot;aperture&quot;:&quot;0&quot;,&quot;credit&quot;:&quot;&quot;,&quot;camera&quot;:&quot;&quot;,&quot;caption&quot;:&quot;&quot;,&quot;created_timestamp&quot;:&quot;0&quot;,&quot;copyright&quot;:&quot;&quot;,&quot;focal_length&quot;:&quot;0&quot;,&quot;iso&quot;:&quot;0&quot;,&quot;shutter_speed&quot;:&quot;0&quot;,&quot;title&quot;:&quot;&quot;,&quot;orientation&quot;:&quot;0&quot;}\" data-image-title=\"website size (7)\" data-image-description=\"\" data-image-caption=\"\" data-large-file=\"https:\/\/i0.wp.com\/mcidrija.si\/wp-content\/uploads\/2026\/04\/website-size-7.png?fit=1024%2C768&amp;ssl=1\" \/>\t\t\t\t\t\t\t\t\t\t\t\t<\/a>\n\t\t\t\t\n\t\t\t\t\t\t\t<\/figure><!-- .featured-image -->\n\t\t\n\t\t<div class=\"entry-wrapper\">\n\t\t\t\t\t\t<h2 class=\"entry-title\"><a href=\"https:\/\/mcidrija.si\/en\/2026\/04\/02\/kako-ne-biti-nategnjen-v-svetu-dela-usposabljanje-za-mlade\/\" rel=\"bookmark\">KAKO NE BITI NATEGNJEN V SVETU DELA &#8211; USPOSABLJANJE ZA MLADE<\/a><\/h2>\t\t\t\t\t\t<p>Se \u017eeli\u0161 pripraviti na poletno delo? Izvedeti, kje sploh najti poletno delo? Kako pa je s prvo zaposlitvijo? Spoznati delovno pravno zakonodajo, da ne bo\u0161 &#8220;nategnjen_a&#8221;? Pridru\u017ei se spro\u0161\u010denemu in\u2026<\/p>\n\t\t\t\t<a class=\"more-link\" href=\"https:\/\/mcidrija.si\/en\/2026\/04\/02\/kako-ne-biti-nategnjen-v-svetu-dela-usposabljanje-za-mlade\/\" rel=\"bookmark\">\n\t\t\t\t\tNadaljuj z branjem\t\t\t\t<\/a>\n\t\t\t\t\t\t\t\t<div class=\"entry-meta\">\n\t\t\t\t\t<time class=\"entry-date published\" datetime=\"2026-04-02T10:06:11+02:00\">02\/04\/2026<\/time><time class=\"updated\" datetime=\"2026-04-20T13:37:12+02:00\">20\/04\/2026<\/time>\t\t\t\t<\/div><!-- .entry-meta -->\n\t\t\t\t\t\t\t\t<\/div><!-- .entry-wrapper -->\n\t<\/article>\n\n\t\t\n\t<article data-post-id=\"7011\"\n\t\tclass=\"tag-prekarnost category-novice type-post post-has-image\"\n\t\t\t\t>\n\t\t\t\t\t\t\t<figure class=\"post-thumbnail\">\n\t\t\t\t\t\t\t\t<a href=\"https:\/\/mcidrija.si\/en\/2026\/03\/13\/zacenjas-svojo-karierno-pot-vodnik-po-idriji-kje-dobis-prave-informacije\/\" rel=\"bookmark\" tabindex=\"-1\" aria-hidden=\"true\">\n\t\t\t\t\t\t\t\t\t\t\t\t<img loading=\"lazy\" decoding=\"async\" width=\"1200\" height=\"900\" src=\"https:\/\/i0.wp.com\/mcidrija.si\/wp-content\/uploads\/2026\/02\/wordpress-prikazane-slike-1200X900.png?resize=1200%2C900&amp;ssl=1\" class=\"attachment-newspack-article-block-landscape-large size-newspack-article-block-landscape-large wp-post-image\" alt=\"Za\u010denja\u0161 svojo karierno pot? Vodnik po Idriji, kje dobi\u0161 prave informacije\" data-hero-candidate=\"1\" srcset=\"https:\/\/i0.wp.com\/mcidrija.si\/wp-content\/uploads\/2026\/02\/wordpress-prikazane-slike-1200X900.png?resize=1200%2C900&amp;ssl=1 1200w, https:\/\/i0.wp.com\/mcidrija.si\/wp-content\/uploads\/2026\/02\/wordpress-prikazane-slike-1200X900.png?resize=300%2C225&amp;ssl=1 300w, https:\/\/i0.wp.com\/mcidrija.si\/wp-content\/uploads\/2026\/02\/wordpress-prikazane-slike-1200X900.png?resize=1024%2C768&amp;ssl=1 1024w, https:\/\/i0.wp.com\/mcidrija.si\/wp-content\/uploads\/2026\/02\/wordpress-prikazane-slike-1200X900.png?resize=768%2C576&amp;ssl=1 768w, https:\/\/i0.wp.com\/mcidrija.si\/wp-content\/uploads\/2026\/02\/wordpress-prikazane-slike-1200X900.png?resize=16%2C12&amp;ssl=1 16w\" sizes=\"(max-width: 1000px) 100vw, 1000px\" data-attachment-id=\"7105\" data-permalink=\"https:\/\/mcidrija.si\/en\/2026\/03\/13\/zacenjas-svojo-karierno-pot-vodnik-po-idriji-kje-dobis-prave-informacije\/wordpress-prikazane-slike-1200x900-21\/\" data-orig-file=\"https:\/\/i0.wp.com\/mcidrija.si\/wp-content\/uploads\/2026\/02\/wordpress-prikazane-slike-1200X900.png?fit=1200%2C900&amp;ssl=1\" data-orig-size=\"1200,900\" data-comments-opened=\"1\" data-image-meta=\"{&quot;aperture&quot;:&quot;0&quot;,&quot;credit&quot;:&quot;&quot;,&quot;camera&quot;:&quot;&quot;,&quot;caption&quot;:&quot;&quot;,&quot;created_timestamp&quot;:&quot;0&quot;,&quot;copyright&quot;:&quot;&quot;,&quot;focal_length&quot;:&quot;0&quot;,&quot;iso&quot;:&quot;0&quot;,&quot;shutter_speed&quot;:&quot;0&quot;,&quot;title&quot;:&quot;&quot;,&quot;orientation&quot;:&quot;0&quot;}\" data-image-title=\"wordpress prikazane slike 1200X900\" data-image-description=\"\" data-image-caption=\"\" data-large-file=\"https:\/\/i0.wp.com\/mcidrija.si\/wp-content\/uploads\/2026\/02\/wordpress-prikazane-slike-1200X900.png?fit=1024%2C768&amp;ssl=1\" \/>\t\t\t\t\t\t\t\t\t\t\t\t<\/a>\n\t\t\t\t\n\t\t\t\t\t\t\t<\/figure><!-- .featured-image -->\n\t\t\n\t\t<div class=\"entry-wrapper\">\n\t\t\t\t\t\t<h2 class=\"entry-title\"><a href=\"https:\/\/mcidrija.si\/en\/2026\/03\/13\/zacenjas-svojo-karierno-pot-vodnik-po-idriji-kje-dobis-prave-informacije\/\" rel=\"bookmark\">Za\u010denja\u0161 svojo karierno pot? Vodnik po Idriji, kje dobi\u0161 prave informacije<\/a><\/h2>\t\t\t\t\t\t<p>Prehod iz \u0161ole na trg dela, iskanje prve zaposlitve ali razmislek o tem, kaj sploh \u017eeli\u0161 po\u010deti, je lahko kar naporen in stresen. Vpra\u0161anj je veliko: Na tvojo sre\u010do v\u2026<\/p>\n\t\t\t\t<a class=\"more-link\" href=\"https:\/\/mcidrija.si\/en\/2026\/03\/13\/zacenjas-svojo-karierno-pot-vodnik-po-idriji-kje-dobis-prave-informacije\/\" rel=\"bookmark\">\n\t\t\t\t\tNadaljuj z branjem\t\t\t\t<\/a>\n\t\t\t\t\t\t\t\t<div class=\"entry-meta\">\n\t\t\t\t\t<time class=\"entry-date published updated\" datetime=\"2026-03-13T13:58:00+01:00\">13\/03\/2026<\/time>\t\t\t\t<\/div><!-- .entry-meta -->\n\t\t\t\t\t\t\t\t<\/div><!-- .entry-wrapper -->\n\t<\/article>\n\n\t\t\n\t<article data-post-id=\"6813\"\n\t\tclass=\"tag-prekarnost category-novice type-post post-has-image\"\n\t\t\t\t>\n\t\t\t\t\t\t\t<figure class=\"post-thumbnail\">\n\t\t\t\t\t\t\t\t<a href=\"https:\/\/mcidrija.si\/en\/2026\/02\/18\/noseca-kaj-pa-zdaj-kaj-moras-urediti-v-sluzbi-in-sama-ko-ugotovis-da-si-noseca\/\" rel=\"bookmark\" tabindex=\"-1\" aria-hidden=\"true\">\n\t\t\t\t\t\t\t\t\t\t\t\t<img loading=\"lazy\" decoding=\"async\" width=\"1200\" height=\"900\" src=\"https:\/\/i0.wp.com\/mcidrija.si\/wp-content\/uploads\/2026\/02\/wordpress-prikazane-slike-1200X900-1.png?resize=1200%2C900&amp;ssl=1\" class=\"attachment-newspack-article-block-landscape-large size-newspack-article-block-landscape-large wp-post-image\" alt=\"Nose\u010da &#8211; kaj pa zdaj? Kaj mora\u0161 urediti v slu\u017ebi in sama, ko ugotovi\u0161, da si nose\u010da\" data-hero-candidate=\"1\" srcset=\"https:\/\/i0.wp.com\/mcidrija.si\/wp-content\/uploads\/2026\/02\/wordpress-prikazane-slike-1200X900-1.png?w=1200&amp;ssl=1 1200w, https:\/\/i0.wp.com\/mcidrija.si\/wp-content\/uploads\/2026\/02\/wordpress-prikazane-slike-1200X900-1.png?resize=300%2C225&amp;ssl=1 300w, https:\/\/i0.wp.com\/mcidrija.si\/wp-content\/uploads\/2026\/02\/wordpress-prikazane-slike-1200X900-1.png?resize=1024%2C768&amp;ssl=1 1024w, https:\/\/i0.wp.com\/mcidrija.si\/wp-content\/uploads\/2026\/02\/wordpress-prikazane-slike-1200X900-1.png?resize=768%2C576&amp;ssl=1 768w, https:\/\/i0.wp.com\/mcidrija.si\/wp-content\/uploads\/2026\/02\/wordpress-prikazane-slike-1200X900-1.png?resize=16%2C12&amp;ssl=1 16w\" sizes=\"(max-width: 1000px) 100vw, 1000px\" data-attachment-id=\"6884\" data-permalink=\"https:\/\/mcidrija.si\/en\/2026\/02\/18\/noseca-kaj-pa-zdaj-kaj-moras-urediti-v-sluzbi-in-sama-ko-ugotovis-da-si-noseca\/wordpress-prikazane-slike-1200x900-1-9\/\" data-orig-file=\"https:\/\/i0.wp.com\/mcidrija.si\/wp-content\/uploads\/2026\/02\/wordpress-prikazane-slike-1200X900-1.png?fit=1200%2C900&amp;ssl=1\" data-orig-size=\"1200,900\" data-comments-opened=\"1\" data-image-meta=\"{&quot;aperture&quot;:&quot;0&quot;,&quot;credit&quot;:&quot;&quot;,&quot;camera&quot;:&quot;&quot;,&quot;caption&quot;:&quot;&quot;,&quot;created_timestamp&quot;:&quot;0&quot;,&quot;copyright&quot;:&quot;&quot;,&quot;focal_length&quot;:&quot;0&quot;,&quot;iso&quot;:&quot;0&quot;,&quot;shutter_speed&quot;:&quot;0&quot;,&quot;title&quot;:&quot;&quot;,&quot;orientation&quot;:&quot;0&quot;}\" data-image-title=\"wordpress prikazane slike 1200X900 (1)\" data-image-description=\"\" data-image-caption=\"\" data-large-file=\"https:\/\/i0.wp.com\/mcidrija.si\/wp-content\/uploads\/2026\/02\/wordpress-prikazane-slike-1200X900-1.png?fit=1024%2C768&amp;ssl=1\" \/>\t\t\t\t\t\t\t\t\t\t\t\t<\/a>\n\t\t\t\t\n\t\t\t\t\t\t\t<\/figure><!-- .featured-image -->\n\t\t\n\t\t<div class=\"entry-wrapper\">\n\t\t\t\t\t\t<h2 class=\"entry-title\"><a href=\"https:\/\/mcidrija.si\/en\/2026\/02\/18\/noseca-kaj-pa-zdaj-kaj-moras-urediti-v-sluzbi-in-sama-ko-ugotovis-da-si-noseca\/\" rel=\"bookmark\">Nose\u010da &#8211; kaj pa zdaj? Kaj mora\u0161 urediti v slu\u017ebi in sama, ko ugotovi\u0161, da si nose\u010da<\/a><\/h2>\t\t\t\t\t\t<p>Ugotovitev, da si nose\u010da je velik osebni trenutek, obenem pa s sabo potegne tudi vpra\u0161anja glede dela, pogodbe in pravic. Kaj mora\u0161 storiti, je odvisno predvsem od tega, v kak\u0161nem\u2026<\/p>\n\t\t\t\t<a class=\"more-link\" href=\"https:\/\/mcidrija.si\/en\/2026\/02\/18\/noseca-kaj-pa-zdaj-kaj-moras-urediti-v-sluzbi-in-sama-ko-ugotovis-da-si-noseca\/\" rel=\"bookmark\">\n\t\t\t\t\tNadaljuj z branjem\t\t\t\t<\/a>\n\t\t\t\t\t\t\t\t<div class=\"entry-meta\">\n\t\t\t\t\t<time class=\"entry-date published updated\" datetime=\"2026-02-18T07:37:17+01:00\">18\/02\/2026<\/time>\t\t\t\t<\/div><!-- .entry-meta -->\n\t\t\t\t\t\t\t\t<\/div><!-- .entry-wrapper -->\n\t<\/article>\n\n\t\t\n\t<article data-post-id=\"6856\"\n\t\tclass=\"tag-prekarnost category-novice type-post post-has-image\"\n\t\t\t\t>\n\t\t\t\t\t\t\t<figure class=\"post-thumbnail\">\n\t\t\t\t\t\t\t\t<a href=\"https:\/\/mcidrija.si\/en\/2026\/01\/26\/bolniska-101-vse-kar-moras-vedeti-ko-zbolis\/\" rel=\"bookmark\" tabindex=\"-1\" aria-hidden=\"true\">\n\t\t\t\t\t\t\t\t\t\t\t\t<img loading=\"lazy\" decoding=\"async\" width=\"1200\" height=\"900\" src=\"https:\/\/i0.wp.com\/mcidrija.si\/wp-content\/uploads\/2026\/01\/wordpress-prikazane-slike-1200X900-1.png?resize=1200%2C900&amp;ssl=1\" class=\"attachment-newspack-article-block-landscape-large size-newspack-article-block-landscape-large wp-post-image\" alt=\"BOLNI\u0160KA 101: vse kar mora\u0161 vedeti ko zboli\u0161\" data-hero-candidate=\"1\" srcset=\"https:\/\/i0.wp.com\/mcidrija.si\/wp-content\/uploads\/2026\/01\/wordpress-prikazane-slike-1200X900-1.png?w=1200&amp;ssl=1 1200w, https:\/\/i0.wp.com\/mcidrija.si\/wp-content\/uploads\/2026\/01\/wordpress-prikazane-slike-1200X900-1.png?resize=300%2C225&amp;ssl=1 300w, https:\/\/i0.wp.com\/mcidrija.si\/wp-content\/uploads\/2026\/01\/wordpress-prikazane-slike-1200X900-1.png?resize=1024%2C768&amp;ssl=1 1024w, https:\/\/i0.wp.com\/mcidrija.si\/wp-content\/uploads\/2026\/01\/wordpress-prikazane-slike-1200X900-1.png?resize=768%2C576&amp;ssl=1 768w, https:\/\/i0.wp.com\/mcidrija.si\/wp-content\/uploads\/2026\/01\/wordpress-prikazane-slike-1200X900-1.png?resize=16%2C12&amp;ssl=1 16w\" sizes=\"(max-width: 1000px) 100vw, 1000px\" data-attachment-id=\"6885\" data-permalink=\"https:\/\/mcidrija.si\/en\/2026\/01\/26\/bolniska-101-vse-kar-moras-vedeti-ko-zbolis\/wordpress-prikazane-slike-1200x900-20\/\" data-orig-file=\"https:\/\/i0.wp.com\/mcidrija.si\/wp-content\/uploads\/2026\/01\/wordpress-prikazane-slike-1200X900-1.png?fit=1200%2C900&amp;ssl=1\" data-orig-size=\"1200,900\" data-comments-opened=\"1\" data-image-meta=\"{&quot;aperture&quot;:&quot;0&quot;,&quot;credit&quot;:&quot;&quot;,&quot;camera&quot;:&quot;&quot;,&quot;caption&quot;:&quot;&quot;,&quot;created_timestamp&quot;:&quot;0&quot;,&quot;copyright&quot;:&quot;&quot;,&quot;focal_length&quot;:&quot;0&quot;,&quot;iso&quot;:&quot;0&quot;,&quot;shutter_speed&quot;:&quot;0&quot;,&quot;title&quot;:&quot;&quot;,&quot;orientation&quot;:&quot;0&quot;}\" data-image-title=\"wordpress prikazane slike 1200X900\" data-image-description=\"\" data-image-caption=\"\" data-large-file=\"https:\/\/i0.wp.com\/mcidrija.si\/wp-content\/uploads\/2026\/01\/wordpress-prikazane-slike-1200X900-1.png?fit=1024%2C768&amp;ssl=1\" \/>\t\t\t\t\t\t\t\t\t\t\t\t<\/a>\n\t\t\t\t\n\t\t\t\t\t\t\t<\/figure><!-- .featured-image -->\n\t\t\n\t\t<div class=\"entry-wrapper\">\n\t\t\t\t\t\t<h2 class=\"entry-title\"><a href=\"https:\/\/mcidrija.si\/en\/2026\/01\/26\/bolniska-101-vse-kar-moras-vedeti-ko-zbolis\/\" rel=\"bookmark\">BOLNI\u0160KA 101: vse kar mora\u0161 vedeti ko zboli\u0161<\/a><\/h2>\t\t\t\t\t\t<p>Z novim letom, nova pravila in ve\u010d nadzora. Kaj se je spremenilo? Zakon, ki ureja bolni\u0161ke stale\u017ee, je \u017ee stopil v veljavo in prina\u0161a pomembno novost: zdravnik mora ob odprtju\u2026<\/p>\n\t\t\t\t<a class=\"more-link\" href=\"https:\/\/mcidrija.si\/en\/2026\/01\/26\/bolniska-101-vse-kar-moras-vedeti-ko-zbolis\/\" rel=\"bookmark\">\n\t\t\t\t\tNadaljuj z branjem\t\t\t\t<\/a>\n\t\t\t\t\t\t\t\t<div class=\"entry-meta\">\n\t\t\t\t\t<time class=\"entry-date published\" datetime=\"2026-01-26T07:00:00+01:00\">26\/01\/2026<\/time><time class=\"updated\" datetime=\"2026-01-26T07:21:00+01:00\">26\/01\/2026<\/time>\t\t\t\t<\/div><!-- .entry-meta -->\n\t\t\t\t\t\t\t\t<\/div><!-- .entry-wrapper -->\n\t<\/article>\n\n\t\t\n\t<article data-post-id=\"6798\"\n\t\tclass=\"tag-prekarnost category-novice type-post post-has-image\"\n\t\t\t\t>\n\t\t\t\t\t\t\t<figure class=\"post-thumbnail\">\n\t\t\t\t\t\t\t\t<a href=\"https:\/\/mcidrija.si\/en\/2026\/01\/19\/spomladanski-pub-kviz-z-maticem-kokosarjem\/\" rel=\"bookmark\" tabindex=\"-1\" aria-hidden=\"true\">\n\t\t\t\t\t\t\t\t\t\t\t\t<img loading=\"lazy\" decoding=\"async\" width=\"1200\" height=\"900\" src=\"https:\/\/i0.wp.com\/mcidrija.si\/wp-content\/uploads\/2026\/01\/PUB-KVIZ-mar-2026-1-1.png?resize=1200%2C900&amp;ssl=1\" class=\"attachment-newspack-article-block-landscape-large size-newspack-article-block-landscape-large wp-post-image\" alt=\"Spomladanski pub kviz z Maticem Koko\u0161arjem\" data-hero-candidate=\"1\" srcset=\"https:\/\/i0.wp.com\/mcidrija.si\/wp-content\/uploads\/2026\/01\/PUB-KVIZ-mar-2026-1-1.png?w=1200&amp;ssl=1 1200w, https:\/\/i0.wp.com\/mcidrija.si\/wp-content\/uploads\/2026\/01\/PUB-KVIZ-mar-2026-1-1.png?resize=300%2C225&amp;ssl=1 300w, https:\/\/i0.wp.com\/mcidrija.si\/wp-content\/uploads\/2026\/01\/PUB-KVIZ-mar-2026-1-1.png?resize=1024%2C768&amp;ssl=1 1024w, https:\/\/i0.wp.com\/mcidrija.si\/wp-content\/uploads\/2026\/01\/PUB-KVIZ-mar-2026-1-1.png?resize=768%2C576&amp;ssl=1 768w, https:\/\/i0.wp.com\/mcidrija.si\/wp-content\/uploads\/2026\/01\/PUB-KVIZ-mar-2026-1-1.png?resize=16%2C12&amp;ssl=1 16w\" sizes=\"(max-width: 1000px) 100vw, 1000px\" data-attachment-id=\"6994\" data-permalink=\"https:\/\/mcidrija.si\/en\/2026\/01\/19\/spomladanski-pub-kviz-z-maticem-kokosarjem\/pub-kviz-mar-2026-1-2\/\" data-orig-file=\"https:\/\/i0.wp.com\/mcidrija.si\/wp-content\/uploads\/2026\/01\/PUB-KVIZ-mar-2026-1-1.png?fit=1200%2C900&amp;ssl=1\" data-orig-size=\"1200,900\" data-comments-opened=\"1\" data-image-meta=\"{&quot;aperture&quot;:&quot;0&quot;,&quot;credit&quot;:&quot;&quot;,&quot;camera&quot;:&quot;&quot;,&quot;caption&quot;:&quot;&quot;,&quot;created_timestamp&quot;:&quot;0&quot;,&quot;copyright&quot;:&quot;&quot;,&quot;focal_length&quot;:&quot;0&quot;,&quot;iso&quot;:&quot;0&quot;,&quot;shutter_speed&quot;:&quot;0&quot;,&quot;title&quot;:&quot;&quot;,&quot;orientation&quot;:&quot;0&quot;}\" data-image-title=\"PUB KVIZ mar 2026 (1)\" data-image-description=\"\" data-image-caption=\"\" data-large-file=\"https:\/\/i0.wp.com\/mcidrija.si\/wp-content\/uploads\/2026\/01\/PUB-KVIZ-mar-2026-1-1.png?fit=1024%2C768&amp;ssl=1\" \/>\t\t\t\t\t\t\t\t\t\t\t\t<\/a>\n\t\t\t\t\n\t\t\t\t\t\t\t<\/figure><!-- .featured-image -->\n\t\t\n\t\t<div class=\"entry-wrapper\">\n\t\t\t\t\t\t<h2 class=\"entry-title\"><a href=\"https:\/\/mcidrija.si\/en\/2026\/01\/19\/spomladanski-pub-kviz-z-maticem-kokosarjem\/\" rel=\"bookmark\">Spomladanski pub kviz z Maticem Koko\u0161arjem<\/a><\/h2>\t\t\t\t\t\t<p>V petek, 6. marca 2026 bomo od 19. ure dalje v Kavarni Vega napenjali mo\u017egane ob pub kvizu! Dobra dru\u017eba, odli\u010den voditelj, zabavna vpra\u0161anja, brezpla\u010dna udele\u017eba in nagrade za prve\u2026<\/p>\n\t\t\t\t<a class=\"more-link\" href=\"https:\/\/mcidrija.si\/en\/2026\/01\/19\/spomladanski-pub-kviz-z-maticem-kokosarjem\/\" rel=\"bookmark\">\n\t\t\t\t\tNadaljuj z branjem\t\t\t\t<\/a>\n\t\t\t\t\t\t\t\t<div class=\"entry-meta\">\n\t\t\t\t\t<time class=\"entry-date published\" datetime=\"2026-01-19T12:43:58+01:00\">19\/01\/2026<\/time><time class=\"updated\" datetime=\"2026-02-02T10:09:12+01:00\">02\/02\/2026<\/time>\t\t\t\t<\/div><!-- .entry-meta -->\n\t\t\t\t\t\t\t\t<\/div><!-- .entry-wrapper -->\n\t<\/article>\n\n\t\t\n\t<article data-post-id=\"6367\"\n\t\tclass=\"tag-mladi tag-prekarnost category-novice type-post post-has-image\"\n\t\t\t\t>\n\t\t\t\t\t\t\t<figure class=\"post-thumbnail\">\n\t\t\t\t\t\t\t\t<a href=\"https:\/\/mcidrija.si\/en\/2025\/12\/19\/delo-od-doma-sanjska-fleksibilnost-ali-skrita-pravila\/\" rel=\"bookmark\" tabindex=\"-1\" aria-hidden=\"true\">\n\t\t\t\t\t\t\t\t\t\t\t\t<img loading=\"lazy\" decoding=\"async\" width=\"1200\" height=\"900\" src=\"https:\/\/i0.wp.com\/mcidrija.si\/wp-content\/uploads\/2025\/12\/wordpress-prikazane-slike-1200X900.png?resize=1200%2C900&amp;ssl=1\" class=\"attachment-newspack-article-block-landscape-large size-newspack-article-block-landscape-large wp-post-image\" alt=\"Delo od doma: sanjska fleksibilnost ali skrita pravila?\" data-hero-candidate=\"1\" srcset=\"https:\/\/i0.wp.com\/mcidrija.si\/wp-content\/uploads\/2025\/12\/wordpress-prikazane-slike-1200X900.png?resize=1200%2C900&amp;ssl=1 1200w, https:\/\/i0.wp.com\/mcidrija.si\/wp-content\/uploads\/2025\/12\/wordpress-prikazane-slike-1200X900.png?resize=300%2C225&amp;ssl=1 300w, https:\/\/i0.wp.com\/mcidrija.si\/wp-content\/uploads\/2025\/12\/wordpress-prikazane-slike-1200X900.png?resize=1024%2C768&amp;ssl=1 1024w, https:\/\/i0.wp.com\/mcidrija.si\/wp-content\/uploads\/2025\/12\/wordpress-prikazane-slike-1200X900.png?resize=768%2C576&amp;ssl=1 768w, https:\/\/i0.wp.com\/mcidrija.si\/wp-content\/uploads\/2025\/12\/wordpress-prikazane-slike-1200X900.png?resize=16%2C12&amp;ssl=1 16w\" sizes=\"(max-width: 1000px) 100vw, 1000px\" data-attachment-id=\"6394\" data-permalink=\"https:\/\/mcidrija.si\/en\/2025\/12\/19\/delo-od-doma-sanjska-fleksibilnost-ali-skrita-pravila\/wordpress-prikazane-slike-1200x900-18\/\" data-orig-file=\"https:\/\/i0.wp.com\/mcidrija.si\/wp-content\/uploads\/2025\/12\/wordpress-prikazane-slike-1200X900.png?fit=1200%2C900&amp;ssl=1\" data-orig-size=\"1200,900\" data-comments-opened=\"1\" data-image-meta=\"{&quot;aperture&quot;:&quot;0&quot;,&quot;credit&quot;:&quot;&quot;,&quot;camera&quot;:&quot;&quot;,&quot;caption&quot;:&quot;&quot;,&quot;created_timestamp&quot;:&quot;0&quot;,&quot;copyright&quot;:&quot;&quot;,&quot;focal_length&quot;:&quot;0&quot;,&quot;iso&quot;:&quot;0&quot;,&quot;shutter_speed&quot;:&quot;0&quot;,&quot;title&quot;:&quot;&quot;,&quot;orientation&quot;:&quot;0&quot;}\" data-image-title=\"delo od doma naslovnica\" data-image-description=\"\" data-image-caption=\"\" data-large-file=\"https:\/\/i0.wp.com\/mcidrija.si\/wp-content\/uploads\/2025\/12\/wordpress-prikazane-slike-1200X900.png?fit=1024%2C768&amp;ssl=1\" \/>\t\t\t\t\t\t\t\t\t\t\t\t<\/a>\n\t\t\t\t\n\t\t\t\t\t\t\t<\/figure><!-- .featured-image -->\n\t\t\n\t\t<div class=\"entry-wrapper\">\n\t\t\t\t\t\t<h2 class=\"entry-title\"><a href=\"https:\/\/mcidrija.si\/en\/2025\/12\/19\/delo-od-doma-sanjska-fleksibilnost-ali-skrita-pravila\/\" rel=\"bookmark\">Delo od doma: sanjska fleksibilnost ali skrita pravila?<\/a><\/h2>\t\t\t\t\t\t<p>Delo od doma (ali kjerkoli drugje z dobrim Wi-Fi-jem) se sli\u0161i sanjsko: brez jutranjih gne\u010d, v trenirki in s kavo v roki. A preden se usede\u0161 za prenosnik na kav\u010du\u2026<\/p>\n\t\t\t\t<a class=\"more-link\" href=\"https:\/\/mcidrija.si\/en\/2025\/12\/19\/delo-od-doma-sanjska-fleksibilnost-ali-skrita-pravila\/\" rel=\"bookmark\">\n\t\t\t\t\tNadaljuj z branjem\t\t\t\t<\/a>\n\t\t\t\t\t\t\t\t<div class=\"entry-meta\">\n\t\t\t\t\t<time class=\"entry-date published\" datetime=\"2025-12-19T08:54:50+01:00\">19\/12\/2025<\/time><time class=\"updated\" datetime=\"2025-12-19T09:03:41+01:00\">19\/12\/2025<\/time>\t\t\t\t<\/div><!-- .entry-meta -->\n\t\t\t\t\t\t\t\t<\/div><!-- .entry-wrapper -->\n\t<\/article>\n\n\t\t\n\t<article data-post-id=\"6045\"\n\t\tclass=\"tag-prekarnost category-novice type-post post-has-image\"\n\t\t\t\t>\n\t\t\t\t\t\t\t<figure class=\"post-thumbnail\">\n\t\t\t\t\t\t\t\t<a href=\"https:\/\/mcidrija.si\/en\/2025\/11\/19\/dan-poklicev-in-podjetnistva-2025\/\" rel=\"bookmark\" tabindex=\"-1\" aria-hidden=\"true\">\n\t\t\t\t\t\t\t\t\t\t\t\t<img loading=\"lazy\" decoding=\"async\" width=\"1200\" height=\"900\" src=\"https:\/\/i0.wp.com\/mcidrija.si\/wp-content\/uploads\/2025\/11\/wordpress-prikazane-slike-1200X900.jpg?resize=1200%2C900&amp;ssl=1\" class=\"attachment-newspack-article-block-landscape-large size-newspack-article-block-landscape-large wp-post-image\" alt=\"Dan poklicev in podjetni\u0161tva 2025\" data-hero-candidate=\"1\" srcset=\"https:\/\/i0.wp.com\/mcidrija.si\/wp-content\/uploads\/2025\/11\/wordpress-prikazane-slike-1200X900.jpg?resize=1200%2C900&amp;ssl=1 1200w, https:\/\/i0.wp.com\/mcidrija.si\/wp-content\/uploads\/2025\/11\/wordpress-prikazane-slike-1200X900.jpg?resize=300%2C225&amp;ssl=1 300w, https:\/\/i0.wp.com\/mcidrija.si\/wp-content\/uploads\/2025\/11\/wordpress-prikazane-slike-1200X900.jpg?resize=1024%2C768&amp;ssl=1 1024w, https:\/\/i0.wp.com\/mcidrija.si\/wp-content\/uploads\/2025\/11\/wordpress-prikazane-slike-1200X900.jpg?resize=768%2C576&amp;ssl=1 768w, https:\/\/i0.wp.com\/mcidrija.si\/wp-content\/uploads\/2025\/11\/wordpress-prikazane-slike-1200X900.jpg?resize=16%2C12&amp;ssl=1 16w\" sizes=\"(max-width: 1000px) 100vw, 1000px\" data-attachment-id=\"6064\" data-permalink=\"https:\/\/mcidrija.si\/en\/2025\/11\/19\/dan-poklicev-in-podjetnistva-2025\/wordpress-prikazane-slike-1200x900-16\/\" data-orig-file=\"https:\/\/i0.wp.com\/mcidrija.si\/wp-content\/uploads\/2025\/11\/wordpress-prikazane-slike-1200X900.jpg?fit=1200%2C900&amp;ssl=1\" data-orig-size=\"1200,900\" data-comments-opened=\"1\" data-image-meta=\"{&quot;aperture&quot;:&quot;0&quot;,&quot;credit&quot;:&quot;&quot;,&quot;camera&quot;:&quot;&quot;,&quot;caption&quot;:&quot;&quot;,&quot;created_timestamp&quot;:&quot;0&quot;,&quot;copyright&quot;:&quot;&quot;,&quot;focal_length&quot;:&quot;0&quot;,&quot;iso&quot;:&quot;0&quot;,&quot;shutter_speed&quot;:&quot;0&quot;,&quot;title&quot;:&quot;&quot;,&quot;orientation&quot;:&quot;1&quot;}\" data-image-title=\"wordpress prikazane slike 1200X900\" data-image-description=\"\" data-image-caption=\"\" data-large-file=\"https:\/\/i0.wp.com\/mcidrija.si\/wp-content\/uploads\/2025\/11\/wordpress-prikazane-slike-1200X900.jpg?fit=1024%2C768&amp;ssl=1\" \/>\t\t\t\t\t\t\t\t\t\t\t\t<\/a>\n\t\t\t\t\n\t\t\t\t\t\t\t<\/figure><!-- .featured-image -->\n\t\t\n\t\t<div class=\"entry-wrapper\">\n\t\t\t\t\t\t<h2 class=\"entry-title\"><a href=\"https:\/\/mcidrija.si\/en\/2025\/11\/19\/dan-poklicev-in-podjetnistva-2025\/\" rel=\"bookmark\">Dan poklicev in podjetni\u0161tva 2025<\/a><\/h2>\t\t\t\t\t\t<p>Tudi letos smo v \ud835\udde0\ud835\uddf9\ud835\uddee\ud835\uddf1\ud835\uddf6\ud835\uddfb\ud835\ude00\ud835\uddf8\ud835\uddf2\ud835\uddfa \ud835\uddf0\ud835\uddf2\ud835\uddfb\ud835\ude01\ud835\uddff\ud835\ude02 \ud835\udddc\ud835\uddf1\ud835\uddff\ud835\uddf6\ud835\uddf7\ud835\uddee pomagali pri organizaciji \ud835\uddd7\ud835\uddfb\ud835\uddf2\ud835\ude03\ud835\uddee \ud835\uddfd\ud835\uddfc\ud835\uddf8\ud835\uddf9\ud835\uddf6\ud835\uddf0\ud835\uddf2\ud835\ude03 \ud835\uddf6\ud835\uddfb \ud835\uddfd\ud835\uddfc\ud835\uddf1\ud835\uddf7\ud835\uddf2\ud835\ude01\ud835\uddfb\ud835\uddf6\ud835\ude00\u030c\ud835\ude01\ud835\ude03\ud835\uddee, ki je letos potekal v petek, 14. novembra, v \u0160portnem centru Idrija. Udele\u017eilo se ga je\u2026<\/p>\n\t\t\t\t<a class=\"more-link\" href=\"https:\/\/mcidrija.si\/en\/2025\/11\/19\/dan-poklicev-in-podjetnistva-2025\/\" rel=\"bookmark\">\n\t\t\t\t\tNadaljuj z branjem\t\t\t\t<\/a>\n\t\t\t\t\t\t\t\t<div class=\"entry-meta\">\n\t\t\t\t\t<time class=\"entry-date published\" datetime=\"2025-11-19T14:16:13+01:00\">19\/11\/2025<\/time><time class=\"updated\" datetime=\"2025-11-20T08:30:45+01:00\">20\/11\/2025<\/time>\t\t\t\t<\/div><!-- .entry-meta -->\n\t\t\t\t\t\t\t\t<\/div><!-- .entry-wrapper -->\n\t<\/article>\n\n\t\t\n\t<article data-post-id=\"5271\"\n\t\tclass=\"tag-izguba-studentskega-statusa tag-konec-faksa tag-prekarnost tag-studentski-status category-novice type-post post-has-image\"\n\t\t\t\t>\n\t\t\t\t\t\t\t<figure class=\"post-thumbnail\">\n\t\t\t\t\t\t\t\t<a href=\"https:\/\/mcidrija.si\/en\/2025\/09\/17\/kaj-narediti-ob-izgubi-studentskega-statusa\/\" rel=\"bookmark\" tabindex=\"-1\" aria-hidden=\"true\">\n\t\t\t\t\t\t\t\t\t\t\t\t<img loading=\"lazy\" decoding=\"async\" width=\"1200\" height=\"900\" src=\"https:\/\/i0.wp.com\/mcidrija.si\/wp-content\/uploads\/2025\/09\/wordpress-prikazane-slike-1200X900-1.png?resize=1200%2C900&amp;ssl=1\" class=\"attachment-newspack-article-block-landscape-large size-newspack-article-block-landscape-large wp-post-image\" alt=\"&#8220;Nimam ve\u010d \u0161tudentskega statusa \u2013 kaj pa zdaj?&#8221;\" data-hero-candidate=\"1\" srcset=\"https:\/\/i0.wp.com\/mcidrija.si\/wp-content\/uploads\/2025\/09\/wordpress-prikazane-slike-1200X900-1.png?w=1200&amp;ssl=1 1200w, https:\/\/i0.wp.com\/mcidrija.si\/wp-content\/uploads\/2025\/09\/wordpress-prikazane-slike-1200X900-1.png?resize=300%2C225&amp;ssl=1 300w, https:\/\/i0.wp.com\/mcidrija.si\/wp-content\/uploads\/2025\/09\/wordpress-prikazane-slike-1200X900-1.png?resize=1024%2C768&amp;ssl=1 1024w, https:\/\/i0.wp.com\/mcidrija.si\/wp-content\/uploads\/2025\/09\/wordpress-prikazane-slike-1200X900-1.png?resize=768%2C576&amp;ssl=1 768w, https:\/\/i0.wp.com\/mcidrija.si\/wp-content\/uploads\/2025\/09\/wordpress-prikazane-slike-1200X900-1.png?resize=16%2C12&amp;ssl=1 16w\" sizes=\"(max-width: 1000px) 100vw, 1000px\" data-attachment-id=\"5341\" data-permalink=\"https:\/\/mcidrija.si\/en\/2025\/09\/17\/kaj-narediti-ob-izgubi-studentskega-statusa\/wordpress-prikazane-slike-1200x900-1-7\/\" data-orig-file=\"https:\/\/i0.wp.com\/mcidrija.si\/wp-content\/uploads\/2025\/09\/wordpress-prikazane-slike-1200X900-1.png?fit=1200%2C900&amp;ssl=1\" data-orig-size=\"1200,900\" data-comments-opened=\"1\" data-image-meta=\"{&quot;aperture&quot;:&quot;0&quot;,&quot;credit&quot;:&quot;&quot;,&quot;camera&quot;:&quot;&quot;,&quot;caption&quot;:&quot;&quot;,&quot;created_timestamp&quot;:&quot;0&quot;,&quot;copyright&quot;:&quot;&quot;,&quot;focal_length&quot;:&quot;0&quot;,&quot;iso&quot;:&quot;0&quot;,&quot;shutter_speed&quot;:&quot;0&quot;,&quot;title&quot;:&quot;&quot;,&quot;orientation&quot;:&quot;0&quot;}\" data-image-title=\"wordpress prikazane slike 1200X900 (1)\" data-image-description=\"\" data-image-caption=\"\" data-large-file=\"https:\/\/i0.wp.com\/mcidrija.si\/wp-content\/uploads\/2025\/09\/wordpress-prikazane-slike-1200X900-1.png?fit=1024%2C768&amp;ssl=1\" \/>\t\t\t\t\t\t\t\t\t\t\t\t<\/a>\n\t\t\t\t\n\t\t\t\t\t\t\t<\/figure><!-- .featured-image -->\n\t\t\n\t\t<div class=\"entry-wrapper\">\n\t\t\t\t\t\t<h2 class=\"entry-title\"><a href=\"https:\/\/mcidrija.si\/en\/2025\/09\/17\/kaj-narediti-ob-izgubi-studentskega-statusa\/\" rel=\"bookmark\">&#8220;Nimam ve\u010d \u0161tudentskega statusa \u2013 kaj pa zdaj?&#8221;<\/a><\/h2>\t\t\t\t\t\t<p>Prakti\u010dni vodi\u010d za vse, ki z oktobrom izgubite \u0161tudentski status.<\/p>\n\t\t\t\t<a class=\"more-link\" href=\"https:\/\/mcidrija.si\/en\/2025\/09\/17\/kaj-narediti-ob-izgubi-studentskega-statusa\/\" rel=\"bookmark\">\n\t\t\t\t\tNadaljuj z branjem\t\t\t\t<\/a>\n\t\t\t\t\t\t\t\t<div class=\"entry-meta\">\n\t\t\t\t\t<time class=\"entry-date published\" datetime=\"2025-09-17T15:10:26+02:00\">17\/09\/2025<\/time><time class=\"updated\" datetime=\"2026-01-26T15:53:28+01:00\">26\/01\/2026<\/time>\t\t\t\t<\/div><!-- .entry-meta -->\n\t\t\t\t\t\t\t\t<\/div><!-- .entry-wrapper -->\n\t<\/article>\n\n\t\t\n\t<article data-post-id=\"4589\"\n\t\tclass=\"tag-dogodki-idrija tag-dogodki-za-mlade tag-prekarnost tag-pub-kviz category-novice type-post post-has-image\"\n\t\t\t\t>\n\t\t\t\t\t\t\t<figure class=\"post-thumbnail\">\n\t\t\t\t\t\t\t\t<a href=\"https:\/\/mcidrija.si\/en\/2025\/08\/19\/pub-kviz-z-maticem-kokosarjem\/\" rel=\"bookmark\" tabindex=\"-1\" aria-hidden=\"true\">\n\t\t\t\t\t\t\t\t\t\t\t\t<img loading=\"lazy\" decoding=\"async\" width=\"1200\" height=\"900\" src=\"https:\/\/i0.wp.com\/mcidrija.si\/wp-content\/uploads\/2025\/08\/wordpress-prikazane-slike-1200X900.jpg?resize=1200%2C900&amp;ssl=1\" class=\"attachment-newspack-article-block-landscape-large size-newspack-article-block-landscape-large wp-post-image\" alt=\"PUB KVIZ Z MATICEM KOKO\u0160ARJEM!\" data-hero-candidate=\"1\" srcset=\"https:\/\/i0.wp.com\/mcidrija.si\/wp-content\/uploads\/2025\/08\/wordpress-prikazane-slike-1200X900.jpg?resize=1200%2C900&amp;ssl=1 1200w, https:\/\/i0.wp.com\/mcidrija.si\/wp-content\/uploads\/2025\/08\/wordpress-prikazane-slike-1200X900.jpg?resize=300%2C225&amp;ssl=1 300w, https:\/\/i0.wp.com\/mcidrija.si\/wp-content\/uploads\/2025\/08\/wordpress-prikazane-slike-1200X900.jpg?resize=1024%2C768&amp;ssl=1 1024w, https:\/\/i0.wp.com\/mcidrija.si\/wp-content\/uploads\/2025\/08\/wordpress-prikazane-slike-1200X900.jpg?resize=768%2C576&amp;ssl=1 768w\" sizes=\"(max-width: 1000px) 100vw, 1000px\" data-attachment-id=\"4610\" data-permalink=\"https:\/\/mcidrija.si\/en\/2025\/08\/19\/pub-kviz-z-maticem-kokosarjem\/wordpress-prikazane-slike-1200x900-9\/\" data-orig-file=\"https:\/\/i0.wp.com\/mcidrija.si\/wp-content\/uploads\/2025\/08\/wordpress-prikazane-slike-1200X900.jpg?fit=1200%2C900&amp;ssl=1\" data-orig-size=\"1200,900\" data-comments-opened=\"1\" data-image-meta=\"{&quot;aperture&quot;:&quot;0&quot;,&quot;credit&quot;:&quot;&quot;,&quot;camera&quot;:&quot;&quot;,&quot;caption&quot;:&quot;&quot;,&quot;created_timestamp&quot;:&quot;0&quot;,&quot;copyright&quot;:&quot;&quot;,&quot;focal_length&quot;:&quot;0&quot;,&quot;iso&quot;:&quot;0&quot;,&quot;shutter_speed&quot;:&quot;0&quot;,&quot;title&quot;:&quot;&quot;,&quot;orientation&quot;:&quot;1&quot;}\" data-image-title=\"wordpress prikazane slike 1200X900\" data-image-description=\"\" data-image-caption=\"\" data-large-file=\"https:\/\/i0.wp.com\/mcidrija.si\/wp-content\/uploads\/2025\/08\/wordpress-prikazane-slike-1200X900.jpg?fit=1024%2C768&amp;ssl=1\" \/>\t\t\t\t\t\t\t\t\t\t\t\t<\/a>\n\t\t\t\t\n\t\t\t\t\t\t\t<\/figure><!-- .featured-image -->\n\t\t\n\t\t<div class=\"entry-wrapper\">\n\t\t\t\t\t\t<h2 class=\"entry-title\"><a href=\"https:\/\/mcidrija.si\/en\/2025\/08\/19\/pub-kviz-z-maticem-kokosarjem\/\" rel=\"bookmark\">PUB QUIZ WITH THE MOTHER HEN!<\/a><\/h2>\t\t\t\t\t\t<p>V petek, 26. septembra bomo od 19. ure dalje v Kavarni Vega napenjali mo\u017egane ob pub kvizu! Dobra dru\u017eba, odli\u010den voditelj, zabavna vpra\u0161anja, brezpla\u010dna udele\u017eba in nagrade za prve tri\u2026<\/p>\n\t\t\t\t<a class=\"more-link\" href=\"https:\/\/mcidrija.si\/en\/2025\/08\/19\/pub-kviz-z-maticem-kokosarjem\/\" rel=\"bookmark\">\n\t\t\t\t\tNadaljuj z branjem\t\t\t\t<\/a>\n\t\t\t\t\t\t\t\t<div class=\"entry-meta\">\n\t\t\t\t\t<time class=\"entry-date published\" datetime=\"2025-08-19T08:59:45+02:00\">19\/08\/2025<\/time><time class=\"updated\" datetime=\"2025-09-22T09:37:39+02:00\">22\/09\/2025<\/time>\t\t\t\t<\/div><!-- .entry-meta -->\n\t\t\t\t\t\t\t\t<\/div><!-- .entry-wrapper -->\n\t<\/article>\n\n\t\t\n\t<article data-post-id=\"4331\"\n\t\tclass=\"tag-mladi tag-prekarnost category-novice type-post post-has-image\"\n\t\t\t\t>\n\t\t\t\t\t\t\t<figure class=\"post-thumbnail\">\n\t\t\t\t\t\t\t\t<a href=\"https:\/\/mcidrija.si\/en\/2025\/07\/18\/miti-o-studentskem-delu-ki-jih-moras-poznati-preden-gre-kaj-narobe\/\" rel=\"bookmark\" tabindex=\"-1\" aria-hidden=\"true\">\n\t\t\t\t\t\t\t\t\t\t\t\t<img loading=\"lazy\" decoding=\"async\" width=\"1200\" height=\"900\" src=\"https:\/\/i0.wp.com\/mcidrija.si\/wp-content\/uploads\/2025\/07\/wordpress-prikazane-slike-1200X900.jpg?resize=1200%2C900&amp;ssl=1\" class=\"attachment-newspack-article-block-landscape-large size-newspack-article-block-landscape-large wp-post-image\" alt=\"Miti o \u0161tudentskem delu, ki jih mora\u0161 poznati (preden gre kaj narobe)\u00a0\" data-hero-candidate=\"1\" srcset=\"https:\/\/i0.wp.com\/mcidrija.si\/wp-content\/uploads\/2025\/07\/wordpress-prikazane-slike-1200X900.jpg?resize=1200%2C900&amp;ssl=1 1200w, https:\/\/i0.wp.com\/mcidrija.si\/wp-content\/uploads\/2025\/07\/wordpress-prikazane-slike-1200X900.jpg?resize=300%2C225&amp;ssl=1 300w, https:\/\/i0.wp.com\/mcidrija.si\/wp-content\/uploads\/2025\/07\/wordpress-prikazane-slike-1200X900.jpg?resize=1024%2C768&amp;ssl=1 1024w, https:\/\/i0.wp.com\/mcidrija.si\/wp-content\/uploads\/2025\/07\/wordpress-prikazane-slike-1200X900.jpg?resize=768%2C576&amp;ssl=1 768w\" sizes=\"(max-width: 1000px) 100vw, 1000px\" data-attachment-id=\"4344\" data-permalink=\"https:\/\/mcidrija.si\/en\/2025\/07\/18\/miti-o-studentskem-delu-ki-jih-moras-poznati-preden-gre-kaj-narobe\/wordpress-prikazane-slike-1200x900-8\/\" data-orig-file=\"https:\/\/i0.wp.com\/mcidrija.si\/wp-content\/uploads\/2025\/07\/wordpress-prikazane-slike-1200X900.jpg?fit=1200%2C900&amp;ssl=1\" data-orig-size=\"1200,900\" data-comments-opened=\"1\" data-image-meta=\"{&quot;aperture&quot;:&quot;0&quot;,&quot;credit&quot;:&quot;&quot;,&quot;camera&quot;:&quot;&quot;,&quot;caption&quot;:&quot;&quot;,&quot;created_timestamp&quot;:&quot;0&quot;,&quot;copyright&quot;:&quot;&quot;,&quot;focal_length&quot;:&quot;0&quot;,&quot;iso&quot;:&quot;0&quot;,&quot;shutter_speed&quot;:&quot;0&quot;,&quot;title&quot;:&quot;&quot;,&quot;orientation&quot;:&quot;1&quot;}\" data-image-title=\"miti o \u0161tudentskem delu\" data-image-description=\"\" data-image-caption=\"\" data-large-file=\"https:\/\/i0.wp.com\/mcidrija.si\/wp-content\/uploads\/2025\/07\/wordpress-prikazane-slike-1200X900.jpg?fit=1024%2C768&amp;ssl=1\" \/>\t\t\t\t\t\t\t\t\t\t\t\t<\/a>\n\t\t\t\t\n\t\t\t\t\t\t\t<\/figure><!-- .featured-image -->\n\t\t\n\t\t<div class=\"entry-wrapper\">\n\t\t\t\t\t\t<h2 class=\"entry-title\"><a href=\"https:\/\/mcidrija.si\/en\/2025\/07\/18\/miti-o-studentskem-delu-ki-jih-moras-poznati-preden-gre-kaj-narobe\/\" rel=\"bookmark\">Myths about student work you need to know (before something goes wrong)\u00a0<\/a><\/h2>\t\t\t\t\t\t<p>Poletje je \u010das, ko \u0161tevilni dijaki in \u0161tudentje izkoristijo po\u010ditnice za \u0161tudentsko delo. Super odlo\u010ditev \u2013 nekaj denarja, novih izku\u0161enj, mogo\u010de tudi prvi stik s \u201cpravim\u201d svetom dela. A \u017eal\u2026<\/p>\n\t\t\t\t<a class=\"more-link\" href=\"https:\/\/mcidrija.si\/en\/2025\/07\/18\/miti-o-studentskem-delu-ki-jih-moras-poznati-preden-gre-kaj-narobe\/\" rel=\"bookmark\">\n\t\t\t\t\tNadaljuj z branjem\t\t\t\t<\/a>\n\t\t\t\t\t\t\t\t<div class=\"entry-meta\">\n\t\t\t\t\t<time class=\"entry-date published\" datetime=\"2025-07-18T09:42:03+02:00\">18\/07\/2025<\/time><time class=\"updated\" datetime=\"2025-07-18T10:02:43+02:00\">18\/07\/2025<\/time>\t\t\t\t<\/div><!-- .entry-meta -->\n\t\t\t\t\t\t\t\t<\/div><!-- .entry-wrapper -->\n\t<\/article>\n\n\t\t\n\t<article data-post-id=\"3484\"\n\t\tclass=\"tag-prekarnost category-novice type-post post-has-image\"\n\t\t\t\t>\n\t\t\t\t\t\t\t<figure class=\"post-thumbnail\">\n\t\t\t\t\t\t\t\t<a href=\"https:\/\/mcidrija.si\/en\/2025\/04\/30\/kaj-vse-smo-proti-prekarnosti-storili-do-sedaj\/\" rel=\"bookmark\" tabindex=\"-1\" aria-hidden=\"true\">\n\t\t\t\t\t\t\t\t\t\t\t\t<img loading=\"lazy\" decoding=\"async\" width=\"1200\" height=\"900\" src=\"https:\/\/i0.wp.com\/mcidrija.si\/wp-content\/uploads\/2025\/04\/website-size.png?resize=1200%2C900&amp;ssl=1\" class=\"attachment-newspack-article-block-landscape-large size-newspack-article-block-landscape-large wp-post-image\" alt=\"Kaj vse smo PROTI PREKARNOSTI storili do sedaj?\" data-hero-candidate=\"1\" srcset=\"https:\/\/i0.wp.com\/mcidrija.si\/wp-content\/uploads\/2025\/04\/website-size.png?w=1200&amp;ssl=1 1200w, https:\/\/i0.wp.com\/mcidrija.si\/wp-content\/uploads\/2025\/04\/website-size.png?resize=300%2C225&amp;ssl=1 300w, https:\/\/i0.wp.com\/mcidrija.si\/wp-content\/uploads\/2025\/04\/website-size.png?resize=1024%2C768&amp;ssl=1 1024w, https:\/\/i0.wp.com\/mcidrija.si\/wp-content\/uploads\/2025\/04\/website-size.png?resize=768%2C576&amp;ssl=1 768w\" sizes=\"(max-width: 1000px) 100vw, 1000px\" data-attachment-id=\"3493\" data-permalink=\"https:\/\/mcidrija.si\/en\/2025\/04\/30\/kaj-vse-smo-proti-prekarnosti-storili-do-sedaj\/website-size\/\" data-orig-file=\"https:\/\/i0.wp.com\/mcidrija.si\/wp-content\/uploads\/2025\/04\/website-size.png?fit=1200%2C900&amp;ssl=1\" data-orig-size=\"1200,900\" data-comments-opened=\"1\" data-image-meta=\"{&quot;aperture&quot;:&quot;0&quot;,&quot;credit&quot;:&quot;&quot;,&quot;camera&quot;:&quot;&quot;,&quot;caption&quot;:&quot;&quot;,&quot;created_timestamp&quot;:&quot;0&quot;,&quot;copyright&quot;:&quot;&quot;,&quot;focal_length&quot;:&quot;0&quot;,&quot;iso&quot;:&quot;0&quot;,&quot;shutter_speed&quot;:&quot;0&quot;,&quot;title&quot;:&quot;&quot;,&quot;orientation&quot;:&quot;0&quot;}\" data-image-title=\"website size\" data-image-description=\"\" data-image-caption=\"\" data-large-file=\"https:\/\/i0.wp.com\/mcidrija.si\/wp-content\/uploads\/2025\/04\/website-size.png?fit=1024%2C768&amp;ssl=1\" \/>\t\t\t\t\t\t\t\t\t\t\t\t<\/a>\n\t\t\t\t\n\t\t\t\t\t\t\t<\/figure><!-- .featured-image -->\n\t\t\n\t\t<div class=\"entry-wrapper\">\n\t\t\t\t\t\t<h2 class=\"entry-title\"><a href=\"https:\/\/mcidrija.si\/en\/2025\/04\/30\/kaj-vse-smo-proti-prekarnosti-storili-do-sedaj\/\" rel=\"bookmark\">Kaj vse smo PROTI PREKARNOSTI storili do sedaj?<\/a><\/h2>\t\t\t\t\t\t<p>V Mladinskem centru Idrija smo v lanskem letu za\u010deli z izvedbo projekta, ki ozave\u0161\u010da in svetuje mladim o varnem in dostojnem del, ter jim pomaga z navigiranjem vstopa na trg\u2026<\/p>\n\t\t\t\t<a class=\"more-link\" href=\"https:\/\/mcidrija.si\/en\/2025\/04\/30\/kaj-vse-smo-proti-prekarnosti-storili-do-sedaj\/\" rel=\"bookmark\">\n\t\t\t\t\tNadaljuj z branjem\t\t\t\t<\/a>\n\t\t\t\t\t\t\t\t<div class=\"entry-meta\">\n\t\t\t\t\t<time class=\"entry-date published\" datetime=\"2025-04-30T07:24:52+02:00\">30\/04\/2025<\/time><time class=\"updated\" datetime=\"2025-05-07T09:11:13+02:00\">07\/05\/2025<\/time>\t\t\t\t<\/div><!-- .entry-meta -->\n\t\t\t\t\t\t\t\t<\/div><!-- .entry-wrapper -->\n\t<\/article>\n\n\t\t\n\t<article data-post-id=\"3031\"\n\t\tclass=\"tag-prekarnost category-novice type-post post-has-image\"\n\t\t\t\t>\n\t\t\t\t\t\t\t<figure class=\"post-thumbnail\">\n\t\t\t\t\t\t\t\t<a href=\"https:\/\/mcidrija.si\/en\/2025\/02\/28\/pravica-do-odklopa-kaj-pomeni-in-zakaj-je-pomembna\/\" rel=\"bookmark\" tabindex=\"-1\" aria-hidden=\"true\">\n\t\t\t\t\t\t\t\t\t\t\t\t<img loading=\"lazy\" decoding=\"async\" width=\"1200\" height=\"900\" src=\"https:\/\/i0.wp.com\/mcidrija.si\/wp-content\/uploads\/2025\/02\/wordpress-prikazane-slike-1200X900-1-1.png?resize=1200%2C900&amp;ssl=1\" class=\"attachment-newspack-article-block-landscape-large size-newspack-article-block-landscape-large wp-post-image\" alt=\"PRAVICA DO ODKLOPA: Kaj pomeni in zakaj je pomembna?\" data-hero-candidate=\"1\" srcset=\"https:\/\/i0.wp.com\/mcidrija.si\/wp-content\/uploads\/2025\/02\/wordpress-prikazane-slike-1200X900-1-1.png?w=3750&amp;ssl=1 3750w, https:\/\/i0.wp.com\/mcidrija.si\/wp-content\/uploads\/2025\/02\/wordpress-prikazane-slike-1200X900-1-1.png?resize=300%2C225&amp;ssl=1 300w, https:\/\/i0.wp.com\/mcidrija.si\/wp-content\/uploads\/2025\/02\/wordpress-prikazane-slike-1200X900-1-1.png?resize=1024%2C768&amp;ssl=1 1024w, https:\/\/i0.wp.com\/mcidrija.si\/wp-content\/uploads\/2025\/02\/wordpress-prikazane-slike-1200X900-1-1.png?resize=768%2C576&amp;ssl=1 768w, https:\/\/i0.wp.com\/mcidrija.si\/wp-content\/uploads\/2025\/02\/wordpress-prikazane-slike-1200X900-1-1.png?resize=1536%2C1152&amp;ssl=1 1536w, https:\/\/i0.wp.com\/mcidrija.si\/wp-content\/uploads\/2025\/02\/wordpress-prikazane-slike-1200X900-1-1.png?resize=2048%2C1536&amp;ssl=1 2048w, https:\/\/i0.wp.com\/mcidrija.si\/wp-content\/uploads\/2025\/02\/wordpress-prikazane-slike-1200X900-1-1.png?w=3000&amp;ssl=1 3000w\" sizes=\"(max-width: 1000px) 100vw, 1000px\" data-attachment-id=\"3049\" data-permalink=\"https:\/\/mcidrija.si\/en\/2025\/02\/28\/pravica-do-odklopa-kaj-pomeni-in-zakaj-je-pomembna\/wordpress-prikazane-slike-1200x900-1\/\" data-orig-file=\"https:\/\/i0.wp.com\/mcidrija.si\/wp-content\/uploads\/2025\/02\/wordpress-prikazane-slike-1200X900-1-1.png?fit=3750%2C2813&amp;ssl=1\" data-orig-size=\"3750,2813\" data-comments-opened=\"1\" data-image-meta=\"{&quot;aperture&quot;:&quot;0&quot;,&quot;credit&quot;:&quot;&quot;,&quot;camera&quot;:&quot;&quot;,&quot;caption&quot;:&quot;&quot;,&quot;created_timestamp&quot;:&quot;0&quot;,&quot;copyright&quot;:&quot;&quot;,&quot;focal_length&quot;:&quot;0&quot;,&quot;iso&quot;:&quot;0&quot;,&quot;shutter_speed&quot;:&quot;0&quot;,&quot;title&quot;:&quot;&quot;,&quot;orientation&quot;:&quot;0&quot;}\" data-image-title=\"wordpress prikazane slike 1200X900 (1)\" data-image-description=\"\" data-image-caption=\"\" data-large-file=\"https:\/\/i0.wp.com\/mcidrija.si\/wp-content\/uploads\/2025\/02\/wordpress-prikazane-slike-1200X900-1-1.png?fit=1024%2C768&amp;ssl=1\" \/>\t\t\t\t\t\t\t\t\t\t\t\t<\/a>\n\t\t\t\t\n\t\t\t\t\t\t\t<\/figure><!-- .featured-image -->\n\t\t\n\t\t<div class=\"entry-wrapper\">\n\t\t\t\t\t\t<h2 class=\"entry-title\"><a href=\"https:\/\/mcidrija.si\/en\/2025\/02\/28\/pravica-do-odklopa-kaj-pomeni-in-zakaj-je-pomembna\/\" rel=\"bookmark\">PRAVICA DO ODKLOPA: Kaj pomeni in zakaj je pomembna?<\/a><\/h2>\t\t\t\t\t\t<p>Si tudi ti \u017ee kdaj dobil slu\u017ebeno sporo\u010dilo ob desetih zve\u010der ali celo na dopustu? Te je ob tem preplavil ob\u010dutek dol\u017enosti, da takoj odgovori\u0161? \u010ceprav se to v sodobnem\u2026<\/p>\n\t\t\t\t<a class=\"more-link\" href=\"https:\/\/mcidrija.si\/en\/2025\/02\/28\/pravica-do-odklopa-kaj-pomeni-in-zakaj-je-pomembna\/\" rel=\"bookmark\">\n\t\t\t\t\tNadaljuj z branjem\t\t\t\t<\/a>\n\t\t\t\t\t\t\t\t<div class=\"entry-meta\">\n\t\t\t\t\t<time class=\"entry-date published updated\" datetime=\"2025-02-28T13:57:14+01:00\">28\/02\/2025<\/time>\t\t\t\t<\/div><!-- .entry-meta -->\n\t\t\t\t\t\t\t\t<\/div><!-- .entry-wrapper -->\n\t<\/article>\n\n\t\t\n\t<article data-post-id=\"2835\"\n\t\tclass=\"tag-izgorelost tag-prekarnost tag-stres category-novice category-projekti type-post post-has-image\"\n\t\t\t\t>\n\t\t\t\t\t\t\t<figure class=\"post-thumbnail\">\n\t\t\t\t\t\t\t\t<a href=\"https:\/\/mcidrija.si\/en\/2025\/02\/06\/kako-obvladovati-stres\/\" rel=\"bookmark\" tabindex=\"-1\" aria-hidden=\"true\">\n\t\t\t\t\t\t\t\t\t\t\t\t<img loading=\"lazy\" decoding=\"async\" width=\"1200\" height=\"900\" src=\"https:\/\/i0.wp.com\/mcidrija.si\/wp-content\/uploads\/2025\/02\/PREKARNOST-naslovne-slike-sp.-stran.png?resize=1200%2C900&amp;ssl=1\" class=\"attachment-newspack-article-block-landscape-large size-newspack-article-block-landscape-large wp-post-image\" alt=\"KAKO OBVLADOVATI STRES?\" data-hero-candidate=\"1\" srcset=\"https:\/\/i0.wp.com\/mcidrija.si\/wp-content\/uploads\/2025\/02\/PREKARNOST-naslovne-slike-sp.-stran.png?w=3750&amp;ssl=1 3750w, https:\/\/i0.wp.com\/mcidrija.si\/wp-content\/uploads\/2025\/02\/PREKARNOST-naslovne-slike-sp.-stran.png?resize=300%2C225&amp;ssl=1 300w, https:\/\/i0.wp.com\/mcidrija.si\/wp-content\/uploads\/2025\/02\/PREKARNOST-naslovne-slike-sp.-stran.png?resize=1024%2C768&amp;ssl=1 1024w, https:\/\/i0.wp.com\/mcidrija.si\/wp-content\/uploads\/2025\/02\/PREKARNOST-naslovne-slike-sp.-stran.png?resize=768%2C576&amp;ssl=1 768w, https:\/\/i0.wp.com\/mcidrija.si\/wp-content\/uploads\/2025\/02\/PREKARNOST-naslovne-slike-sp.-stran.png?resize=1536%2C1152&amp;ssl=1 1536w, https:\/\/i0.wp.com\/mcidrija.si\/wp-content\/uploads\/2025\/02\/PREKARNOST-naslovne-slike-sp.-stran.png?resize=2048%2C1536&amp;ssl=1 2048w, https:\/\/i0.wp.com\/mcidrija.si\/wp-content\/uploads\/2025\/02\/PREKARNOST-naslovne-slike-sp.-stran.png?w=3000&amp;ssl=1 3000w\" sizes=\"(max-width: 1000px) 100vw, 1000px\" data-attachment-id=\"2884\" data-permalink=\"https:\/\/mcidrija.si\/en\/2025\/02\/06\/kako-obvladovati-stres\/prekarnost-naslovne-slike-sp-stran-2\/\" data-orig-file=\"https:\/\/i0.wp.com\/mcidrija.si\/wp-content\/uploads\/2025\/02\/PREKARNOST-naslovne-slike-sp.-stran.png?fit=3750%2C2813&amp;ssl=1\" data-orig-size=\"3750,2813\" data-comments-opened=\"1\" data-image-meta=\"{&quot;aperture&quot;:&quot;0&quot;,&quot;credit&quot;:&quot;&quot;,&quot;camera&quot;:&quot;&quot;,&quot;caption&quot;:&quot;&quot;,&quot;created_timestamp&quot;:&quot;0&quot;,&quot;copyright&quot;:&quot;&quot;,&quot;focal_length&quot;:&quot;0&quot;,&quot;iso&quot;:&quot;0&quot;,&quot;shutter_speed&quot;:&quot;0&quot;,&quot;title&quot;:&quot;&quot;,&quot;orientation&quot;:&quot;0&quot;}\" data-image-title=\"PREKARNOST naslovne slike sp. stran\" data-image-description=\"\" data-image-caption=\"\" data-large-file=\"https:\/\/i0.wp.com\/mcidrija.si\/wp-content\/uploads\/2025\/02\/PREKARNOST-naslovne-slike-sp.-stran.png?fit=1024%2C768&amp;ssl=1\" \/>\t\t\t\t\t\t\t\t\t\t\t\t<\/a>\n\t\t\t\t\n\t\t\t\t\t\t\t<\/figure><!-- .featured-image -->\n\t\t\n\t\t<div class=\"entry-wrapper\">\n\t\t\t\t\t\t<h2 class=\"entry-title\"><a href=\"https:\/\/mcidrija.si\/en\/2025\/02\/06\/kako-obvladovati-stres\/\" rel=\"bookmark\">KAKO OBVLADOVATI STRES?<\/a><\/h2>\t\t\t\t\t\t<p>Se ti je \u017ee kdaj zgodilo, da si se zna\u0161el_a v situaciji, ko si imel_a preve\u010d obveznosti, premalo energije in ob\u010dutek, da preprosto ne zmore\u0161 ve\u010d? No, to\u010dno o tem\u2026<\/p>\n\t\t\t\t<a class=\"more-link\" href=\"https:\/\/mcidrija.si\/en\/2025\/02\/06\/kako-obvladovati-stres\/\" rel=\"bookmark\">\n\t\t\t\t\tNadaljuj z branjem\t\t\t\t<\/a>\n\t\t\t\t\t\t\t\t<div class=\"entry-meta\">\n\t\t\t\t\t<time class=\"entry-date published\" datetime=\"2025-02-06T10:56:00+01:00\">06\/02\/2025<\/time><time class=\"updated\" datetime=\"2025-02-27T13:24:26+01:00\">27\/02\/2025<\/time>\t\t\t\t<\/div><!-- .entry-meta -->\n\t\t\t\t\t\t\t\t<\/div><!-- .entry-wrapper -->\n\t<\/article>\n\n\t\t\n\t<article data-post-id=\"2546\"\n\t\tclass=\"tag-prekarnost category-novice type-post post-has-image\"\n\t\t\t\t>\n\t\t\t\t\t\t\t<figure class=\"post-thumbnail\">\n\t\t\t\t\t\t\t\t<a href=\"https:\/\/mcidrija.si\/en\/2025\/01\/16\/prekarno-delo-kaj-pomeni-in-kako-vpliva-na-tvojo-prihodnost\/\" rel=\"bookmark\" tabindex=\"-1\" aria-hidden=\"true\">\n\t\t\t\t\t\t\t\t\t\t\t\t<img loading=\"lazy\" decoding=\"async\" width=\"1200\" height=\"900\" src=\"https:\/\/i0.wp.com\/mcidrija.si\/wp-content\/uploads\/2025\/01\/3-1.png?resize=1200%2C900&amp;ssl=1\" class=\"attachment-newspack-article-block-landscape-large size-newspack-article-block-landscape-large wp-post-image\" alt=\"Prekarno delo: Kaj pomeni in kako vpliva na tvojo prihodnost?\" data-hero-candidate=\"1\" srcset=\"https:\/\/i0.wp.com\/mcidrija.si\/wp-content\/uploads\/2025\/01\/3-1.png?w=3750&amp;ssl=1 3750w, https:\/\/i0.wp.com\/mcidrija.si\/wp-content\/uploads\/2025\/01\/3-1.png?resize=300%2C225&amp;ssl=1 300w, https:\/\/i0.wp.com\/mcidrija.si\/wp-content\/uploads\/2025\/01\/3-1.png?resize=1024%2C768&amp;ssl=1 1024w, https:\/\/i0.wp.com\/mcidrija.si\/wp-content\/uploads\/2025\/01\/3-1.png?resize=768%2C576&amp;ssl=1 768w, https:\/\/i0.wp.com\/mcidrija.si\/wp-content\/uploads\/2025\/01\/3-1.png?resize=1536%2C1152&amp;ssl=1 1536w, https:\/\/i0.wp.com\/mcidrija.si\/wp-content\/uploads\/2025\/01\/3-1.png?resize=2048%2C1536&amp;ssl=1 2048w, https:\/\/i0.wp.com\/mcidrija.si\/wp-content\/uploads\/2025\/01\/3-1.png?w=3000&amp;ssl=1 3000w\" sizes=\"(max-width: 1000px) 100vw, 1000px\" data-attachment-id=\"2885\" data-permalink=\"https:\/\/mcidrija.si\/en\/2025\/01\/16\/prekarno-delo-kaj-pomeni-in-kako-vpliva-na-tvojo-prihodnost\/3-4\/\" data-orig-file=\"https:\/\/i0.wp.com\/mcidrija.si\/wp-content\/uploads\/2025\/01\/3-1.png?fit=3750%2C2813&amp;ssl=1\" data-orig-size=\"3750,2813\" data-comments-opened=\"1\" data-image-meta=\"{&quot;aperture&quot;:&quot;0&quot;,&quot;credit&quot;:&quot;&quot;,&quot;camera&quot;:&quot;&quot;,&quot;caption&quot;:&quot;&quot;,&quot;created_timestamp&quot;:&quot;0&quot;,&quot;copyright&quot;:&quot;&quot;,&quot;focal_length&quot;:&quot;0&quot;,&quot;iso&quot;:&quot;0&quot;,&quot;shutter_speed&quot;:&quot;0&quot;,&quot;title&quot;:&quot;&quot;,&quot;orientation&quot;:&quot;0&quot;}\" data-image-title=\"3\" data-image-description=\"\" data-image-caption=\"\" data-large-file=\"https:\/\/i0.wp.com\/mcidrija.si\/wp-content\/uploads\/2025\/01\/3-1.png?fit=1024%2C768&amp;ssl=1\" \/>\t\t\t\t\t\t\t\t\t\t\t\t<\/a>\n\t\t\t\t\n\t\t\t\t\t\t\t<\/figure><!-- .featured-image -->\n\t\t\n\t\t<div class=\"entry-wrapper\">\n\t\t\t\t\t\t<h2 class=\"entry-title\"><a href=\"https:\/\/mcidrija.si\/en\/2025\/01\/16\/prekarno-delo-kaj-pomeni-in-kako-vpliva-na-tvojo-prihodnost\/\" rel=\"bookmark\">Prekarno delo: Kaj pomeni in kako vpliva na tvojo prihodnost?<\/a><\/h2>\t\t\t\t\t\t<p>Si kdaj pomislil_a, kaj pomeni, da je delo \u201eprekarno\u201c? Gre za obliko dela, ki je pogosto negotova in ne zagotavlja socialnih pravic ali finan\u010dne varnosti. V \u010dlanku bomo razlo\u017eili, kaj\u2026<\/p>\n\t\t\t\t<a class=\"more-link\" href=\"https:\/\/mcidrija.si\/en\/2025\/01\/16\/prekarno-delo-kaj-pomeni-in-kako-vpliva-na-tvojo-prihodnost\/\" rel=\"bookmark\">\n\t\t\t\t\tNadaljuj z branjem\t\t\t\t<\/a>\n\t\t\t\t\t\t\t\t<div class=\"entry-meta\">\n\t\t\t\t\t<time class=\"entry-date published\" datetime=\"2025-01-16T13:17:54+01:00\">16\/01\/2025<\/time><time class=\"updated\" datetime=\"2025-12-19T08:54:19+01:00\">19\/12\/2025<\/time>\t\t\t\t<\/div><!-- .entry-meta -->\n\t\t\t\t\t\t\t\t<\/div><!-- .entry-wrapper -->\n\t<\/article>\n\n\t\t\n\t<article data-post-id=\"2366\"\n\t\tclass=\"tag-dan-poklicev tag-eusredstva tag-evropska-sredstva tag-prekarnost category-novice type-post post-has-image\"\n\t\t\t\t>\n\t\t\t\t\t\t\t<figure class=\"post-thumbnail\">\n\t\t\t\t\t\t\t\t<a href=\"https:\/\/mcidrija.si\/en\/2024\/10\/29\/dan-poklicev-in-podjetnistva-2024\/\" rel=\"bookmark\" tabindex=\"-1\" aria-hidden=\"true\">\n\t\t\t\t\t\t\t\t\t\t\t\t<img loading=\"lazy\" decoding=\"async\" width=\"600\" height=\"450\" src=\"https:\/\/i0.wp.com\/mcidrija.si\/wp-content\/uploads\/2024\/11\/f3bfb5a54f8a48fb2e8b2f50d8f9d3a9_L.jpg?resize=600%2C450&amp;ssl=1\" class=\"attachment-newspack-article-block-landscape-intermediate size-newspack-article-block-landscape-intermediate wp-post-image\" alt=\"Dan poklicev in podjetni\u0161tva 2024\" data-hero-candidate=\"1\" srcset=\"https:\/\/i0.wp.com\/mcidrija.si\/wp-content\/uploads\/2024\/11\/f3bfb5a54f8a48fb2e8b2f50d8f9d3a9_L.jpg?resize=600%2C450&amp;ssl=1 600w, https:\/\/i0.wp.com\/mcidrija.si\/wp-content\/uploads\/2024\/11\/f3bfb5a54f8a48fb2e8b2f50d8f9d3a9_L.jpg?resize=400%2C300&amp;ssl=1 400w, https:\/\/i0.wp.com\/mcidrija.si\/wp-content\/uploads\/2024\/11\/f3bfb5a54f8a48fb2e8b2f50d8f9d3a9_L.jpg?resize=200%2C150&amp;ssl=1 200w\" sizes=\"(max-width: 600px) 100vw, 600px\" data-attachment-id=\"2367\" data-permalink=\"https:\/\/mcidrija.si\/en\/2024\/10\/29\/dan-poklicev-in-podjetnistva-2024\/f3bfb5a54f8a48fb2e8b2f50d8f9d3a9_l\/\" data-orig-file=\"https:\/\/i0.wp.com\/mcidrija.si\/wp-content\/uploads\/2024\/11\/f3bfb5a54f8a48fb2e8b2f50d8f9d3a9_L.jpg?fit=770%2C513&amp;ssl=1\" data-orig-size=\"770,513\" data-comments-opened=\"1\" data-image-meta=\"{&quot;aperture&quot;:&quot;0&quot;,&quot;credit&quot;:&quot;&quot;,&quot;camera&quot;:&quot;&quot;,&quot;caption&quot;:&quot;&quot;,&quot;created_timestamp&quot;:&quot;0&quot;,&quot;copyright&quot;:&quot;&quot;,&quot;focal_length&quot;:&quot;0&quot;,&quot;iso&quot;:&quot;0&quot;,&quot;shutter_speed&quot;:&quot;0&quot;,&quot;title&quot;:&quot;&quot;,&quot;orientation&quot;:&quot;0&quot;}\" data-image-title=\"f3bfb5a54f8a48fb2e8b2f50d8f9d3a9_L\" data-image-description=\"\" data-image-caption=\"\" data-large-file=\"https:\/\/i0.wp.com\/mcidrija.si\/wp-content\/uploads\/2024\/11\/f3bfb5a54f8a48fb2e8b2f50d8f9d3a9_L.jpg?fit=770%2C513&amp;ssl=1\" \/>\t\t\t\t\t\t\t\t\t\t\t\t<\/a>\n\t\t\t\t\n\t\t\t\t\t\t\t<\/figure><!-- .featured-image -->\n\t\t\n\t\t<div class=\"entry-wrapper\">\n\t\t\t\t\t\t<h2 class=\"entry-title\"><a href=\"https:\/\/mcidrija.si\/en\/2024\/10\/29\/dan-poklicev-in-podjetnistva-2024\/\" rel=\"bookmark\">Dan poklicev in podjetni\u0161tva 2024<\/a><\/h2>\t\t\t\t\t\t<p>Letos se je Dan poklicev in podjetni\u0161tva odvijal 11. oktobra v Modri dvorani. S tem dogodkom \u017eelimo mladim predstaviti mo\u017enosti nadaljevanja izobrazbe in potencialne bodo\u010de delodajalce. Dogodek je organizirala Idrijsko-Cerkljanska\u2026<\/p>\n\t\t\t\t<a class=\"more-link\" href=\"https:\/\/mcidrija.si\/en\/2024\/10\/29\/dan-poklicev-in-podjetnistva-2024\/\" rel=\"bookmark\">\n\t\t\t\t\tNadaljuj z branjem\t\t\t\t<\/a>\n\t\t\t\t\t\t\t\t<div class=\"entry-meta\">\n\t\t\t\t\t<time class=\"entry-date published\" datetime=\"2024-10-29T09:51:00+01:00\">29\/10\/2024<\/time><time class=\"updated\" datetime=\"2024-11-13T10:08:03+01:00\">13\/11\/2024<\/time>\t\t\t\t<\/div><!-- .entry-meta -->\n\t\t\t\t\t\t\t\t<\/div><!-- .entry-wrapper -->\n\t<\/article>\n\n\t\t\n\t<article data-post-id=\"2072\"\n\t\tclass=\"tag-mladi tag-prekarnost tag-prostovoljstvo category-novice type-post post-has-image\"\n\t\t\t\t>\n\t\t\t\t\t\t\t<figure class=\"post-thumbnail\">\n\t\t\t\t\t\t\t\t<a href=\"https:\/\/mcidrija.si\/en\/2024\/10\/23\/prostovoljstvo-kaj-je-pomembno-vedeti\/\" rel=\"bookmark\" tabindex=\"-1\" aria-hidden=\"true\">\n\t\t\t\t\t\t\t\t\t\t\t\t<img loading=\"lazy\" decoding=\"async\" width=\"400\" height=\"300\" src=\"https:\/\/i0.wp.com\/mcidrija.si\/wp-content\/uploads\/2024\/11\/7c4ee686c5b4059c14118f7db8a3570e_L.jpg?resize=400%2C300&amp;ssl=1\" class=\"attachment-newspack-article-block-landscape-small size-newspack-article-block-landscape-small wp-post-image\" alt=\"PROSTOVOLJSTVO: KAJ JE POMEMBNO VEDETI?\" data-hero-candidate=\"1\" data-attachment-id=\"2073\" data-permalink=\"https:\/\/mcidrija.si\/en\/2024\/10\/23\/prostovoljstvo-kaj-je-pomembno-vedeti\/7c4ee686c5b4059c14118f7db8a3570e_l\/\" data-orig-file=\"https:\/\/i0.wp.com\/mcidrija.si\/wp-content\/uploads\/2024\/11\/7c4ee686c5b4059c14118f7db8a3570e_L.jpg?fit=770%2C443&amp;ssl=1\" data-orig-size=\"770,443\" data-comments-opened=\"1\" data-image-meta=\"{&quot;aperture&quot;:&quot;0&quot;,&quot;credit&quot;:&quot;&quot;,&quot;camera&quot;:&quot;&quot;,&quot;caption&quot;:&quot;&quot;,&quot;created_timestamp&quot;:&quot;0&quot;,&quot;copyright&quot;:&quot;&quot;,&quot;focal_length&quot;:&quot;0&quot;,&quot;iso&quot;:&quot;0&quot;,&quot;shutter_speed&quot;:&quot;0&quot;,&quot;title&quot;:&quot;&quot;,&quot;orientation&quot;:&quot;0&quot;}\" data-image-title=\"7c4ee686c5b4059c14118f7db8a3570e_L\" data-image-description=\"\" data-image-caption=\"\" data-large-file=\"https:\/\/i0.wp.com\/mcidrija.si\/wp-content\/uploads\/2024\/11\/7c4ee686c5b4059c14118f7db8a3570e_L.jpg?fit=770%2C443&amp;ssl=1\" \/>\t\t\t\t\t\t\t\t\t\t\t\t<\/a>\n\t\t\t\t\n\t\t\t\t\t\t\t<\/figure><!-- .featured-image -->\n\t\t\n\t\t<div class=\"entry-wrapper\">\n\t\t\t\t\t\t<h2 class=\"entry-title\"><a href=\"https:\/\/mcidrija.si\/en\/2024\/10\/23\/prostovoljstvo-kaj-je-pomembno-vedeti\/\" rel=\"bookmark\">PROSTOVOLJSTVO: KAJ JE POMEMBNO VEDETI?<\/a><\/h2>\t\t\t\t\t\t<p>Si \u017eeli\u0161 pre\u017eiveti svoj prosti \u010das koristno in pridobiti nova znanja ter izku\u0161nje? Prostovoljstvo je odli\u010dna prilo\u017enost, da prispeva\u0161 k skupnosti in razvije\u0161 svoje sposobnosti. V tem \u010dlanku ti bomo\u2026<\/p>\n\t\t\t\t<a class=\"more-link\" href=\"https:\/\/mcidrija.si\/en\/2024\/10\/23\/prostovoljstvo-kaj-je-pomembno-vedeti\/\" rel=\"bookmark\">\n\t\t\t\t\tNadaljuj z branjem\t\t\t\t<\/a>\n\t\t\t\t\t\t\t\t<div class=\"entry-meta\">\n\t\t\t\t\t<time class=\"entry-date published\" datetime=\"2024-10-23T11:38:00+02:00\">23\/10\/2024<\/time><time class=\"updated\" datetime=\"2024-11-05T12:07:38+01:00\">05\/11\/2024<\/time>\t\t\t\t<\/div><!-- .entry-meta -->\n\t\t\t\t\t\t\t\t<\/div><!-- .entry-wrapper -->\n\t<\/article>\n\n\t\t\t\t<\/div>\n\t\t\n\t<\/div>\n\t\n\n\n<p class=\"wp-block-paragraph\"><\/p>","protected":false},"excerpt":{"rendered":"<p>Zveza dru\u0161tev Mladinski center Idrija smo bili v letu 2024 uspe\u0161ni na projektu Ministrstva za vzgojo in izobra\u017eevanje in prejeli sredstva za izvajanje projekta &#8220;Z mladinskim delom proti prekarnosti mladih &#8211; pilotni projekt &#8211; Zveza MC Idrija&#8221;. Projekt je sofinanciran iz strani Evropske unije. Ve\u010d informacij o Evropskih sredstvih najde\u0161 na: <a href=\"https:\/\/evropskasredstva.si\/\" rel=\"nofollow\">https:\/\/evropskasredstva.si\/<\/a> Opis: Cilj projekta [&hellip;]<\/p>\n","protected":false},"author":252603206,"featured_media":0,"parent":0,"menu_order":0,"comment_status":"closed","ping_status":"closed","template":"","meta":{"advanced_seo_description":"","jetpack_seo_html_title":"","jetpack_seo_noindex":false,"jetpack_seo_schema_type":"","_wpcom_ai_launchpad_about_page":false,"_wpcom_ai_launchpad_gallery_page":false,"_wpcom_ai_launchpad_contact_page":false,"_wpcom_ai_launchpad_events_page":false,"_wpcom_ai_launchpad_video_page":false,"_wpcom_ai_launchpad_portfolio_piece":false,"footnotes":""},"class_list":["post-2536","page","type-page","status-publish","hentry"],"jetpack_likes_enabled":true,"jetpack_sharing_enabled":true,"jetpack_shortlink":"https:\/\/wp.me\/PfSlLi-EU","jetpack-related-posts":[],"_links":{"self":[{"href":"https:\/\/mcidrija.si\/en\/wp-json\/wp\/v2\/pages\/2536","targetHints":{"allow":["GET"]}}],"collection":[{"href":"https:\/\/mcidrija.si\/en\/wp-json\/wp\/v2\/pages"}],"about":[{"href":"https:\/\/mcidrija.si\/en\/wp-json\/wp\/v2\/types\/page"}],"author":[{"embeddable":true,"href":"https:\/\/mcidrija.si\/en\/wp-json\/wp\/v2\/users\/252603206"}],"replies":[{"embeddable":true,"href":"https:\/\/mcidrija.si\/en\/wp-json\/wp\/v2\/comments?post=2536"}],"version-history":[{"count":78,"href":"https:\/\/mcidrija.si\/en\/wp-json\/wp\/v2\/pages\/2536\/revisions"}],"predecessor-version":[{"id":7965,"href":"https:\/\/mcidrija.si\/en\/wp-json\/wp\/v2\/pages\/2536\/revisions\/7965"}],"wp:attachment":[{"href":"https:\/\/mcidrija.si\/en\/wp-json\/wp\/v2\/media?parent=2536"}],"curies":[{"name":"wp","href":"https:\/\/api.w.org\/{rel}","templated":true}]}}